{"id":1041041,"date":"2021-03-12T19:28:23","date_gmt":"2021-03-12T18:28:23","guid":{"rendered":"https:\/\/wantedpedo-officiel.com\/mur_video\/?page_id=1041041"},"modified":"2021-09-15T13:59:40","modified_gmt":"2021-09-15T11:59:40","slug":"interviews","status":"publish","type":"page","link":"https:\/\/wantedpedo-officiel.com\/mur_video\/interviews\/","title":{"rendered":"Mur Vid\u00e9o | Les Interviews"},"content":{"rendered":"\t\t<div data-elementor-type=\"wp-page\" data-elementor-id=\"1041041\" class=\"elementor elementor-1041041\">\n\t\t\t\t\t\t\t\t\t<section data-particle_enable=\"false\" data-particle-mobile-disabled=\"false\" class=\"elementor-section elementor-top-section elementor-element elementor-element-35dd171 elementor-section-full_width elementor-section-height-default elementor-section-height-default\" data-id=\"35dd171\" data-element_type=\"section\" data-settings=\"{&quot;background_background&quot;:&quot;classic&quot;}\">\n\t\t\t\t\t\t<div class=\"elementor-container elementor-column-gap-wide\">\n\t\t\t\t\t<div class=\"elementor-column elementor-col-50 elementor-top-column elementor-element elementor-element-437ace elementor-hidden-mobile\" data-id=\"437ace\" data-element_type=\"column\">\n\t\t\t<div class=\"elementor-widget-wrap elementor-element-populated\">\n\t\t\t\t\t\t\t\t<div class=\"elementor-element elementor-element-9f7f9a0 elementor-nav-menu__align-left elementor-hidden-tablet elementor-hidden-mobile elementor-nav-menu--dropdown-none elementor-widget elementor-widget-global elementor-global-1041103 elementor-widget-nav-menu\" data-id=\"9f7f9a0\" data-element_type=\"widget\" data-settings=\"{&quot;layout&quot;:&quot;vertical&quot;,&quot;submenu_icon&quot;:{&quot;value&quot;:&quot;fas fa-angle-down&quot;,&quot;library&quot;:&quot;fa-solid&quot;},&quot;sticky&quot;:&quot;top&quot;,&quot;sticky_on&quot;:[&quot;desktop&quot;],&quot;sticky_offset&quot;:110,&quot;sticky_parent&quot;:&quot;yes&quot;,&quot;sticky_effects_offset&quot;:0}\" data-widget_type=\"nav-menu.default\">\n\t\t\t\t<div class=\"elementor-widget-container\">\n\t\t\t\t\t\t<nav class=\"elementor-nav-menu--main elementor-nav-menu__container elementor-nav-menu--layout-vertical e--pointer-none\">\n\t\t\t\t<ul id=\"menu-1-9f7f9a0\" class=\"elementor-nav-menu sm-vertical\"><li class=\"menu-item menu-item-type-taxonomy menu-item-object-categories menu-item-1042211\"><a href=\"https:\/\/wantedpedo-officiel.com\/mur_video\/categories\/abus-rituels\/\" class=\"elementor-item\">Abus Rituels<\/a><\/li>\n<li class=\"menu-item menu-item-type-taxonomy menu-item-object-categories menu-item-1042213\"><a href=\"https:\/\/wantedpedo-officiel.com\/mur_video\/categories\/conferences\/\" class=\"elementor-item\">Conf\u00e9rences<\/a><\/li>\n<li class=\"menu-item menu-item-type-taxonomy menu-item-object-categories menu-item-1042214\"><a href=\"https:\/\/wantedpedo-officiel.com\/mur_video\/categories\/disparition\/\" class=\"elementor-item\">Disparition<\/a><\/li>\n<li class=\"menu-item menu-item-type-taxonomy menu-item-object-categories menu-item-1042215\"><a href=\"https:\/\/wantedpedo-officiel.com\/mur_video\/categories\/documentaires\/\" class=\"elementor-item\">Documentaires<\/a><\/li>\n<li class=\"menu-item menu-item-type-taxonomy menu-item-object-categories menu-item-1042216\"><a href=\"https:\/\/wantedpedo-officiel.com\/mur_video\/categories\/court-metrage\/\" class=\"elementor-item\">Film \/ Court M\u00e9trage<\/a><\/li>\n<li class=\"menu-item menu-item-type-taxonomy menu-item-object-categories menu-item-1042217\"><a href=\"https:\/\/wantedpedo-officiel.com\/mur_video\/categories\/franc-maconnerie\/\" class=\"elementor-item\">Franc-Ma\u00e7onnerie<\/a><\/li>\n<li class=\"menu-item menu-item-type-taxonomy menu-item-object-categories menu-item-1042218\"><a href=\"https:\/\/wantedpedo-officiel.com\/mur_video\/categories\/hypersexualisation\/\" class=\"elementor-item\">Hypersexualisation<\/a><\/li>\n<li class=\"menu-item menu-item-type-taxonomy menu-item-object-categories menu-item-1042219\"><a href=\"https:\/\/wantedpedo-officiel.com\/mur_video\/categories\/interviews\/\" class=\"elementor-item\">Interviews<\/a><\/li>\n<li class=\"menu-item menu-item-type-taxonomy menu-item-object-categories menu-item-1042220\"><a href=\"https:\/\/wantedpedo-officiel.com\/mur_video\/categories\/les-artistes-denoncent\/\" class=\"elementor-item\">Les Artistes D\u00e9noncent<\/a><\/li>\n<li class=\"menu-item menu-item-type-taxonomy menu-item-object-categories menu-item-1042221\"><a href=\"https:\/\/wantedpedo-officiel.com\/mur_video\/categories\/manifestation\/\" class=\"elementor-item\">Manifestation<\/a><\/li>\n<li class=\"menu-item menu-item-type-taxonomy menu-item-object-categories menu-item-1042222\"><a href=\"https:\/\/wantedpedo-officiel.com\/mur_video\/categories\/pedocriminels\/\" class=\"elementor-item\">Pedocriminels<\/a><\/li>\n<li class=\"menu-item menu-item-type-taxonomy menu-item-object-categories menu-item-1042223\"><a href=\"https:\/\/wantedpedo-officiel.com\/mur_video\/categories\/prevention\/\" class=\"elementor-item\">Pr\u00e9vention<\/a><\/li>\n<li class=\"menu-item menu-item-type-taxonomy menu-item-object-categories menu-item-1042224\"><a href=\"https:\/\/wantedpedo-officiel.com\/mur_video\/categories\/protection-de-lenfance\/\" class=\"elementor-item\">Protection de l&#8217;enfance<\/a><\/li>\n<li class=\"menu-item menu-item-type-taxonomy menu-item-object-categories menu-item-1042225\"><a href=\"https:\/\/wantedpedo-officiel.com\/mur_video\/categories\/reseaux-pedocriminels\/\" class=\"elementor-item\">R\u00e9seaux P\u00e9docriminels<\/a><\/li>\n<li class=\"menu-item menu-item-type-taxonomy menu-item-object-categories menu-item-1042226\"><a href=\"https:\/\/wantedpedo-officiel.com\/mur_video\/categories\/temoignages\/\" class=\"elementor-item\">T\u00e9moignages<\/a><\/li>\n<li class=\"menu-item menu-item-type-taxonomy menu-item-object-categories menu-item-1042227\"><a href=\"https:\/\/wantedpedo-officiel.com\/mur_video\/categories\/catch-a-predator\/\" class=\"elementor-item\">Traque P\u00e9do<\/a><\/li>\n<li class=\"menu-item menu-item-type-taxonomy menu-item-object-categories menu-item-1042228\"><a href=\"https:\/\/wantedpedo-officiel.com\/mur_video\/categories\/wanted-pedo-repond\/\" class=\"elementor-item\">Wanted Pedo R\u00e9pond<\/a><\/li>\n<\/ul>\t\t\t<\/nav>\n\t\t\t\t\t\t<nav class=\"elementor-nav-menu--dropdown elementor-nav-menu__container\" aria-hidden=\"true\">\n\t\t\t\t<ul id=\"menu-2-9f7f9a0\" class=\"elementor-nav-menu sm-vertical\"><li class=\"menu-item menu-item-type-taxonomy menu-item-object-categories menu-item-1042211\"><a href=\"https:\/\/wantedpedo-officiel.com\/mur_video\/categories\/abus-rituels\/\" class=\"elementor-item\" tabindex=\"-1\">Abus Rituels<\/a><\/li>\n<li class=\"menu-item menu-item-type-taxonomy menu-item-object-categories menu-item-1042213\"><a href=\"https:\/\/wantedpedo-officiel.com\/mur_video\/categories\/conferences\/\" class=\"elementor-item\" tabindex=\"-1\">Conf\u00e9rences<\/a><\/li>\n<li class=\"menu-item menu-item-type-taxonomy menu-item-object-categories menu-item-1042214\"><a href=\"https:\/\/wantedpedo-officiel.com\/mur_video\/categories\/disparition\/\" class=\"elementor-item\" tabindex=\"-1\">Disparition<\/a><\/li>\n<li class=\"menu-item menu-item-type-taxonomy menu-item-object-categories menu-item-1042215\"><a href=\"https:\/\/wantedpedo-officiel.com\/mur_video\/categories\/documentaires\/\" class=\"elementor-item\" tabindex=\"-1\">Documentaires<\/a><\/li>\n<li class=\"menu-item menu-item-type-taxonomy menu-item-object-categories menu-item-1042216\"><a href=\"https:\/\/wantedpedo-officiel.com\/mur_video\/categories\/court-metrage\/\" class=\"elementor-item\" tabindex=\"-1\">Film \/ Court M\u00e9trage<\/a><\/li>\n<li class=\"menu-item menu-item-type-taxonomy menu-item-object-categories menu-item-1042217\"><a href=\"https:\/\/wantedpedo-officiel.com\/mur_video\/categories\/franc-maconnerie\/\" class=\"elementor-item\" tabindex=\"-1\">Franc-Ma\u00e7onnerie<\/a><\/li>\n<li class=\"menu-item menu-item-type-taxonomy menu-item-object-categories menu-item-1042218\"><a href=\"https:\/\/wantedpedo-officiel.com\/mur_video\/categories\/hypersexualisation\/\" class=\"elementor-item\" tabindex=\"-1\">Hypersexualisation<\/a><\/li>\n<li class=\"menu-item menu-item-type-taxonomy menu-item-object-categories menu-item-1042219\"><a href=\"https:\/\/wantedpedo-officiel.com\/mur_video\/categories\/interviews\/\" class=\"elementor-item\" tabindex=\"-1\">Interviews<\/a><\/li>\n<li class=\"menu-item menu-item-type-taxonomy menu-item-object-categories menu-item-1042220\"><a href=\"https:\/\/wantedpedo-officiel.com\/mur_video\/categories\/les-artistes-denoncent\/\" class=\"elementor-item\" tabindex=\"-1\">Les Artistes D\u00e9noncent<\/a><\/li>\n<li class=\"menu-item menu-item-type-taxonomy menu-item-object-categories menu-item-1042221\"><a href=\"https:\/\/wantedpedo-officiel.com\/mur_video\/categories\/manifestation\/\" class=\"elementor-item\" tabindex=\"-1\">Manifestation<\/a><\/li>\n<li class=\"menu-item menu-item-type-taxonomy menu-item-object-categories menu-item-1042222\"><a href=\"https:\/\/wantedpedo-officiel.com\/mur_video\/categories\/pedocriminels\/\" class=\"elementor-item\" tabindex=\"-1\">Pedocriminels<\/a><\/li>\n<li class=\"menu-item menu-item-type-taxonomy menu-item-object-categories menu-item-1042223\"><a href=\"https:\/\/wantedpedo-officiel.com\/mur_video\/categories\/prevention\/\" class=\"elementor-item\" tabindex=\"-1\">Pr\u00e9vention<\/a><\/li>\n<li class=\"menu-item menu-item-type-taxonomy menu-item-object-categories menu-item-1042224\"><a href=\"https:\/\/wantedpedo-officiel.com\/mur_video\/categories\/protection-de-lenfance\/\" class=\"elementor-item\" tabindex=\"-1\">Protection de l&#8217;enfance<\/a><\/li>\n<li class=\"menu-item menu-item-type-taxonomy menu-item-object-categories menu-item-1042225\"><a href=\"https:\/\/wantedpedo-officiel.com\/mur_video\/categories\/reseaux-pedocriminels\/\" class=\"elementor-item\" tabindex=\"-1\">R\u00e9seaux P\u00e9docriminels<\/a><\/li>\n<li class=\"menu-item menu-item-type-taxonomy menu-item-object-categories menu-item-1042226\"><a href=\"https:\/\/wantedpedo-officiel.com\/mur_video\/categories\/temoignages\/\" class=\"elementor-item\" tabindex=\"-1\">T\u00e9moignages<\/a><\/li>\n<li class=\"menu-item menu-item-type-taxonomy menu-item-object-categories menu-item-1042227\"><a href=\"https:\/\/wantedpedo-officiel.com\/mur_video\/categories\/catch-a-predator\/\" class=\"elementor-item\" tabindex=\"-1\">Traque P\u00e9do<\/a><\/li>\n<li class=\"menu-item menu-item-type-taxonomy menu-item-object-categories menu-item-1042228\"><a href=\"https:\/\/wantedpedo-officiel.com\/mur_video\/categories\/wanted-pedo-repond\/\" class=\"elementor-item\" tabindex=\"-1\">Wanted Pedo R\u00e9pond<\/a><\/li>\n<\/ul>\t\t\t<\/nav>\n\t\t\t\t<\/div>\n\t\t\t\t<\/div>\n\t\t\t\t\t<\/div>\n\t\t<\/div>\n\t\t\t\t<div class=\"elementor-column elementor-col-50 elementor-top-column elementor-element elementor-element-6fc9a6b9\" data-id=\"6fc9a6b9\" data-element_type=\"column\" data-settings=\"{&quot;background_background&quot;:&quot;classic&quot;}\">\n\t\t\t<div class=\"elementor-widget-wrap elementor-element-populated\">\n\t\t\t\t\t\t\t\t<div class=\"elementor-element elementor-element-6343832c elementor-widget elementor-widget-heading\" data-id=\"6343832c\" data-element_type=\"widget\" data-widget_type=\"heading.default\">\n\t\t\t\t<div class=\"elementor-widget-container\">\n\t\t\t<h2 class=\"elementor-heading-title elementor-size-default\">Les Interviews<\/h2>\t\t<\/div>\n\t\t\t\t<\/div>\n\t\t\t\t<div class=\"elementor-element elementor-element-5072493c elementor-widget-divider--view-line elementor-widget elementor-widget-divider\" data-id=\"5072493c\" data-element_type=\"widget\" data-widget_type=\"divider.default\">\n\t\t\t\t<div class=\"elementor-widget-container\">\n\t\t\t\t\t<div class=\"elementor-divider\">\n\t\t\t<span class=\"elementor-divider-separator\">\n\t\t\t\t\t\t<\/span>\n\t\t<\/div>\n\t\t\t\t<\/div>\n\t\t\t\t<\/div>\n\t\t\t\t<div class=\"elementor-element elementor-element-65105c5f elementor-widget elementor-widget-wp-widget-mars-mainvideo-widgets\" data-id=\"65105c5f\" data-element_type=\"widget\" data-widget_type=\"wp-widget-mars-mainvideo-widgets.default\">\n\t\t\t\t<div class=\"elementor-widget-container\">\n\t\t\t\t\t\t          \t\t<div data-setup=\"{&quot;interval&quot;:false}\" id=\"carousel-latest-mars-mainvideo-widgets-REPLACE_TO_ID\" class=\"carousel carousel-mars-mainvideo-widgets-REPLACE_TO_ID slide video-section video-sectionltr\" >\r\n          \t          \t\t<!-- widget title -->\r\n\r\n\t\t\t\t\t<!-- 2 columns -->\r\n                   \t\t                     <div class=\"carousel-inner\">\r\n\t                       \t\t\t                       \t\t\t                       \t\t<div class=\"carousel-item item active\">\r\n\t\t                       \t\t\t<div class=\"row-5 row\">\r\n\t\t                       \t\t\r\n\t\t                       \t\t<div id=\"video-main-mars-mainvideo-widgets-REPLACE_TO_ID-1042758\" class=\"col-xl-3 col-lg-3 col-md-6 col-12 item responsive-height video-1042758\">\r\n\r\n\t\t                       \t\t\t<article class=\"post-1042758 video type-video status-publish format-standard has-post-thumbnail hentry categories-interviews video_tag-karl-zero video_tag-maxime-montaut video_tag-tv-libertes\">\r\n\r\n\t\t\t                                <div class=\"item-img\">\r\n\t\t\t                                \t<img decoding=\"async\" width=\"295\" height=\"141\" src=\"https:\/\/wantedpedo-officiel.com\/mur_video\/wp-content\/uploads\/2026\/04\/Bistro-Libertes-WP-KZ-2026.png\" class=\"img-responsive wp-post-image\" alt=\"\" \/>\t\t\t\t\t\t\t\t\t\t\t\t<a href=\"https:\/\/wantedpedo-officiel.com\/mur_video\/video\/bistro-libertes-special-epstein-pedcriminalite-avec-karl-zero-et-wanted-pedo\/\"><div class=\"img-hover\"><\/div><\/a>\r\n\t\t\t\t\t\t\t\t\t\t\t<\/div>\r\n\r\n\t\t\t\t\t\t\t\t\t\t\t<div class=\"post-header\">\r\n\t\t                                        <h3 class=\"post-title\"><a href=\"https:\/\/wantedpedo-officiel.com\/mur_video\/video\/bistro-libertes-special-epstein-pedcriminalite-avec-karl-zero-et-wanted-pedo\/\">Bistro Libert\u00e9s &#8220;Sp\u00e9cial Epstein &#8211; P\u00e9docriminalit\u00e9&#8221; avec Karl Z\u00e9ro et Maxime MONTAUT de Wanted Pedo<\/a><\/h3>\t\t\t\t\t\t\t\t\t\t\t\t\r\n\t\t\t<div class=\"meta\"><span class=\"date\">14 heures ago<\/span><span class=\"views\"><i class=\"fa fa-eye\"><\/i>4<\/span><span class=\"heart\"><i class=\"fa fa-thumbs-up\"><\/i>0<\/span>\r\n\t\t\t\t\t<span class=\"fcomments\"><i class=\"fa fa-comments\"><\/i>0<\/span>\r\n\t\t\t\t\r\n\t\t\t<\/div>\r\n\t\t\t\t\t\t\t\t\t\t\t\t\t<\/div>\r\n\t\t\t\t\t\t\t\t\t\t<\/article>\t\r\n                                     <\/div> \r\n\t\t\t                    \t\t                       \t\t\r\n\t\t                       \t\t<div id=\"video-main-mars-mainvideo-widgets-REPLACE_TO_ID-1042750\" class=\"col-xl-3 col-lg-3 col-md-6 col-12 item responsive-height video-1042750\">\r\n\r\n\t\t                       \t\t\t<article class=\"post-1042750 video type-video status-publish format-standard has-post-thumbnail hentry categories-conferences categories-interviews categories-reseaux-pedocriminels video_tag-abus-rituels video_tag-abus-rituels-sataniques video_tag-live video_tag-reseau-pedocriminel\">\r\n\r\n\t\t\t                                <div class=\"item-img\">\r\n\t\t\t                                \t<img decoding=\"async\" width=\"295\" height=\"166\" src=\"https:\/\/wantedpedo-officiel.com\/mur_video\/wp-content\/uploads\/2026\/04\/visuel-live.jpg\" class=\"img-responsive wp-post-image\" alt=\"\" \/>\t\t\t\t\t\t\t\t\t\t\t\t<a href=\"https:\/\/wantedpedo-officiel.com\/mur_video\/video\/1042750\/\"><div class=\"img-hover\"><\/div><\/a>\r\n\t\t\t\t\t\t\t\t\t\t\t<\/div>\r\n\r\n\t\t\t\t\t\t\t\t\t\t\t<div class=\"post-header\">\r\n\t\t                                        <h3 class=\"post-title\"><a href=\"https:\/\/wantedpedo-officiel.com\/mur_video\/video\/1042750\/\">Podcast typologie des r\u00e9seaux p\u00e9docriminels et des abus rituels<\/a><\/h3>\t\t\t\t\t\t\t\t\t\t\t\t\r\n\t\t\t<div class=\"meta\"><span class=\"date\">7 jours ago<\/span><span class=\"views\"><i class=\"fa fa-eye\"><\/i>6<\/span><span class=\"heart\"><i class=\"fa fa-thumbs-up\"><\/i>0<\/span>\r\n\t\t\t\t\t<span class=\"fcomments\"><i class=\"fa fa-comments\"><\/i>0<\/span>\r\n\t\t\t\t\r\n\t\t\t<\/div>\r\n\t\t\t\t\t\t\t\t\t\t\t\t\t<\/div>\r\n\t\t\t\t\t\t\t\t\t\t<\/article>\t\r\n                                     <\/div> \r\n\t\t\t                    \t\t                       \t\t\r\n\t\t                       \t\t<div id=\"video-main-mars-mainvideo-widgets-REPLACE_TO_ID-1042732\" class=\"col-xl-3 col-lg-3 col-md-6 col-12 item responsive-height video-1042732\">\r\n\r\n\t\t                       \t\t\t<article class=\"post-1042732 video type-video status-publish format-standard has-post-thumbnail hentry categories-conferences categories-interviews categories-prevention video_tag-association-wanted-pedo video_tag-livre\">\r\n\r\n\t\t\t                                <div class=\"item-img\">\r\n\t\t\t                                \t<img decoding=\"async\" width=\"295\" height=\"105\" src=\"https:\/\/wantedpedo-officiel.com\/mur_video\/wp-content\/uploads\/2025\/12\/bandeau-KZ-livre-2025.jpg\" class=\"img-responsive wp-post-image\" alt=\"\" \/>\t\t\t\t\t\t\t\t\t\t\t\t<a href=\"https:\/\/wantedpedo-officiel.com\/mur_video\/video\/parents-cest-pour-vous-comment-reperer-les-signes-dabus-chez-les-enfants\/\"><div class=\"img-hover\"><\/div><\/a>\r\n\t\t\t\t\t\t\t\t\t\t\t<\/div>\r\n\r\n\t\t\t\t\t\t\t\t\t\t\t<div class=\"post-header\">\r\n\t\t                                        <h3 class=\"post-title\"><a href=\"https:\/\/wantedpedo-officiel.com\/mur_video\/video\/parents-cest-pour-vous-comment-reperer-les-signes-dabus-chez-les-enfants\/\">Parents, c&#8217;est pour vous : comment rep\u00e9rer les signes d&#8217;abus chez les enfants ?<\/a><\/h3>\t\t\t\t\t\t\t\t\t\t\t\t\r\n\t\t\t<div class=\"meta\"><span class=\"date\">4 mois ago<\/span><span class=\"views\"><i class=\"fa fa-eye\"><\/i>79<\/span><span class=\"heart\"><i class=\"fa fa-thumbs-up\"><\/i>0<\/span>\r\n\t\t\t\t\t<span class=\"fcomments\"><i class=\"fa fa-comments\"><\/i>0<\/span>\r\n\t\t\t\t\r\n\t\t\t<\/div>\r\n\t\t\t\t\t\t\t\t\t\t\t\t\t<\/div>\r\n\t\t\t\t\t\t\t\t\t\t<\/article>\t\r\n                                     <\/div> \r\n\t\t\t                    \t\t                       \t\t\r\n\t\t                       \t\t<div id=\"video-main-mars-mainvideo-widgets-REPLACE_TO_ID-1042723\" class=\"col-xl-3 col-lg-3 col-md-6 col-12 item responsive-height video-1042723\">\r\n\r\n\t\t                       \t\t\t<article class=\"post-1042723 video type-video status-publish format-standard has-post-thumbnail hentry categories-interviews categories-protection-de-lenfance video_tag-association-wanted-pedo video_tag-livre\">\r\n\r\n\t\t\t                                <div class=\"item-img\">\r\n\t\t\t                                \t<img loading=\"lazy\" decoding=\"async\" width=\"295\" height=\"105\" src=\"https:\/\/wantedpedo-officiel.com\/mur_video\/wp-content\/uploads\/2025\/12\/Capture-decran-2025-12-07-200606.png\" class=\"img-responsive wp-post-image\" alt=\"\" \/>\t\t\t\t\t\t\t\t\t\t\t\t<a href=\"https:\/\/wantedpedo-officiel.com\/mur_video\/video\/1042723\/\"><div class=\"img-hover\"><\/div><\/a>\r\n\t\t\t\t\t\t\t\t\t\t\t<\/div>\r\n\r\n\t\t\t\t\t\t\t\t\t\t\t<div class=\"post-header\">\r\n\t\t                                        \t\t\t\t\t\t\t\t\t\t\t\t\r\n\t\t\t<div class=\"meta\"><span class=\"date\">5 mois ago<\/span><span class=\"views\"><i class=\"fa fa-eye\"><\/i>44<\/span><span class=\"heart\"><i class=\"fa fa-thumbs-up\"><\/i>0<\/span>\r\n\t\t\t\t\t<span class=\"fcomments\"><i class=\"fa fa-comments\"><\/i>0<\/span>\r\n\t\t\t\t\r\n\t\t\t<\/div>\r\n\t\t\t\t\t\t\t\t\t\t\t\t\t<\/div>\r\n\t\t\t\t\t\t\t\t\t\t<\/article>\t\r\n                                     <\/div> \r\n\t\t\t                    \t\t                       \t\t\r\n\t\t                       \t\t<div id=\"video-main-mars-mainvideo-widgets-REPLACE_TO_ID-1042717\" class=\"col-xl-3 col-lg-3 col-md-6 col-12 item responsive-height video-1042717\">\r\n\r\n\t\t                       \t\t\t<article class=\"post-1042717 video type-video status-publish format-standard has-post-thumbnail hentry categories-interviews categories-temoignages video_tag-edouard-durand video_tag-france-tv\">\r\n\r\n\t\t\t                                <div class=\"item-img\">\r\n\t\t\t                                \t<img loading=\"lazy\" decoding=\"async\" width=\"295\" height=\"145\" src=\"https:\/\/wantedpedo-officiel.com\/mur_video\/wp-content\/uploads\/2025\/11\/emission-francetv-12-novembre-2025.jpg\" class=\"img-responsive wp-post-image\" alt=\"\" \/>\t\t\t\t\t\t\t\t\t\t\t\t<a href=\"https:\/\/wantedpedo-officiel.com\/mur_video\/video\/438-enfants-victimes-jour-comment-sortir-du-deni-collectif-c-ce-soir-du-12-novembre-2025\/\"><div class=\"img-hover\"><\/div><\/a>\r\n\t\t\t\t\t\t\t\t\t\t\t<\/div>\r\n\r\n\t\t\t\t\t\t\t\t\t\t\t<div class=\"post-header\">\r\n\t\t                                        <h3 class=\"post-title\"><a href=\"https:\/\/wantedpedo-officiel.com\/mur_video\/video\/438-enfants-victimes-jour-comment-sortir-du-deni-collectif-c-ce-soir-du-12-novembre-2025\/\">438 enfants victimes\/jour : Comment sortir du d\u00e9ni collectif ? &#8211; C Ce Soir du 12 novembre 2025<\/a><\/h3>\t\t\t\t\t\t\t\t\t\t\t\t\r\n\t\t\t<div class=\"meta\"><span class=\"date\">5 mois ago<\/span><span class=\"views\"><i class=\"fa fa-eye\"><\/i>39<\/span><span class=\"heart\"><i class=\"fa fa-thumbs-up\"><\/i>0<\/span>\r\n\t\t\t\t\t<span class=\"fcomments\"><i class=\"fa fa-comments\"><\/i>0<\/span>\r\n\t\t\t\t\r\n\t\t\t<\/div>\r\n\t\t\t\t\t\t\t\t\t\t\t\t\t<\/div>\r\n\t\t\t\t\t\t\t\t\t\t<\/article>\t\r\n                                     <\/div> \r\n\t\t\t                    \t\t                       \t\t\r\n\t\t                       \t\t<div id=\"video-main-mars-mainvideo-widgets-REPLACE_TO_ID-1042644\" class=\"col-xl-3 col-lg-3 col-md-6 col-12 item responsive-height video-1042644\">\r\n\r\n\t\t                       \t\t\t<article class=\"post-1042644 video type-video status-publish format-standard has-post-thumbnail hentry categories-interviews categories-temoignages\">\r\n\r\n\t\t\t                                <div class=\"item-img\">\r\n\t\t\t                                \t<img loading=\"lazy\" decoding=\"async\" width=\"295\" height=\"153\" src=\"https:\/\/wantedpedo-officiel.com\/mur_video\/wp-content\/uploads\/2025\/02\/manon.png\" class=\"img-responsive wp-post-image\" alt=\"\" \/>\t\t\t\t\t\t\t\t\t\t\t\t<a href=\"https:\/\/wantedpedo-officiel.com\/mur_video\/video\/a-15-ans-manon-a-ete-enrolee-de-force-dans-un-reseau-de-prostitution-ca-commence-aujourdhui\/\"><div class=\"img-hover\"><\/div><\/a>\r\n\t\t\t\t\t\t\t\t\t\t\t<\/div>\r\n\r\n\t\t\t\t\t\t\t\t\t\t\t<div class=\"post-header\">\r\n\t\t                                        <h3 class=\"post-title\"><a href=\"https:\/\/wantedpedo-officiel.com\/mur_video\/video\/a-15-ans-manon-a-ete-enrolee-de-force-dans-un-reseau-de-prostitution-ca-commence-aujourdhui\/\">\u00c0 15 ans, Manon a \u00e9t\u00e9 enr\u00f4l\u00e9e de force dans un r\u00e9seau de prostitution &#8211; \u00c7a commence aujourd&#8217;hui<\/a><\/h3>\t\t\t\t\t\t\t\t\t\t\t\t\r\n\t\t\t<div class=\"meta\"><span class=\"date\">1 an ago<\/span><span class=\"views\"><i class=\"fa fa-eye\"><\/i>32<\/span><span class=\"heart\"><i class=\"fa fa-thumbs-up\"><\/i>0<\/span>\r\n\t\t\t\t\t<span class=\"fcomments\"><i class=\"fa fa-comments\"><\/i>0<\/span>\r\n\t\t\t\t\r\n\t\t\t<\/div>\r\n\t\t\t\t\t\t\t\t\t\t\t\t\t<\/div>\r\n\t\t\t\t\t\t\t\t\t\t<\/article>\t\r\n                                     <\/div> \r\n\t\t\t                    \t\t                       \t\t\r\n\t\t                       \t\t<div id=\"video-main-mars-mainvideo-widgets-REPLACE_TO_ID-1042645\" class=\"col-xl-3 col-lg-3 col-md-6 col-12 item responsive-height video-1042645\">\r\n\r\n\t\t                       \t\t\t<article class=\"post-1042645 video type-video status-publish format-standard has-post-thumbnail hentry categories-interviews categories-temoignages\">\r\n\r\n\t\t\t                                <div class=\"item-img\">\r\n\t\t\t                                \t<img loading=\"lazy\" decoding=\"async\" width=\"295\" height=\"151\" src=\"https:\/\/wantedpedo-officiel.com\/mur_video\/wp-content\/uploads\/2025\/02\/13ans.png\" class=\"img-responsive wp-post-image\" alt=\"\" \/>\t\t\t\t\t\t\t\t\t\t\t\t<a href=\"https:\/\/wantedpedo-officiel.com\/mur_video\/video\/a-13-ans-elle-sombre-dans-la-drogue-et-se-prostitue-a-cause-du-harcelement-scolaire\/\"><div class=\"img-hover\"><\/div><\/a>\r\n\t\t\t\t\t\t\t\t\t\t\t<\/div>\r\n\r\n\t\t\t\t\t\t\t\t\t\t\t<div class=\"post-header\">\r\n\t\t                                        <h3 class=\"post-title\"><a href=\"https:\/\/wantedpedo-officiel.com\/mur_video\/video\/a-13-ans-elle-sombre-dans-la-drogue-et-se-prostitue-a-cause-du-harcelement-scolaire\/\">\u00c0 13 ans, elle sombre dans la drogue et se prostitue \u00e0 cause du harc\u00e8lement scolaire<\/a><\/h3>\t\t\t\t\t\t\t\t\t\t\t\t\r\n\t\t\t<div class=\"meta\"><span class=\"date\">1 an ago<\/span><span class=\"views\"><i class=\"fa fa-eye\"><\/i>76<\/span><span class=\"heart\"><i class=\"fa fa-thumbs-up\"><\/i>0<\/span>\r\n\t\t\t\t\t<span class=\"fcomments\"><i class=\"fa fa-comments\"><\/i>0<\/span>\r\n\t\t\t\t\r\n\t\t\t<\/div>\r\n\t\t\t\t\t\t\t\t\t\t\t\t\t<\/div>\r\n\t\t\t\t\t\t\t\t\t\t<\/article>\t\r\n                                     <\/div> \r\n\t\t\t                    \t\t                       \t\t\r\n\t\t                       \t\t<div id=\"video-main-mars-mainvideo-widgets-REPLACE_TO_ID-1042642\" class=\"col-xl-3 col-lg-3 col-md-6 col-12 item responsive-height video-1042642\">\r\n\r\n\t\t                       \t\t\t<article class=\"post-1042642 video type-video status-publish format-standard has-post-thumbnail hentry categories-interviews categories-temoignages\">\r\n\r\n\t\t\t                                <div class=\"item-img\">\r\n\t\t\t                                \t<img loading=\"lazy\" decoding=\"async\" width=\"295\" height=\"153\" src=\"https:\/\/wantedpedo-officiel.com\/mur_video\/wp-content\/uploads\/2025\/02\/maite.png\" class=\"img-responsive wp-post-image\" alt=\"\" \/>\t\t\t\t\t\t\t\t\t\t\t\t<a href=\"https:\/\/wantedpedo-officiel.com\/mur_video\/video\/a-20-ans-maite-a-ete-victime-de-traite-sexuelle-ca-commence-aujourdhui\/\"><div class=\"img-hover\"><\/div><\/a>\r\n\t\t\t\t\t\t\t\t\t\t\t<\/div>\r\n\r\n\t\t\t\t\t\t\t\t\t\t\t<div class=\"post-header\">\r\n\t\t                                        <h3 class=\"post-title\"><a href=\"https:\/\/wantedpedo-officiel.com\/mur_video\/video\/a-20-ans-maite-a-ete-victime-de-traite-sexuelle-ca-commence-aujourdhui\/\">\u00c0 20 ans, Ma\u00eft\u00e9 a \u00e9t\u00e9 victime de traite sexuelle &#8211; \u00c7a commence aujourd&#8217;hui<\/a><\/h3>\t\t\t\t\t\t\t\t\t\t\t\t\r\n\t\t\t<div class=\"meta\"><span class=\"date\">1 an ago<\/span><span class=\"views\"><i class=\"fa fa-eye\"><\/i>35<\/span><span class=\"heart\"><i class=\"fa fa-thumbs-up\"><\/i>0<\/span>\r\n\t\t\t\t\t<span class=\"fcomments\"><i class=\"fa fa-comments\"><\/i>0<\/span>\r\n\t\t\t\t\r\n\t\t\t<\/div>\r\n\t\t\t\t\t\t\t\t\t\t\t\t\t<\/div>\r\n\t\t\t\t\t\t\t\t\t\t<\/article>\t\r\n                                     <\/div> \r\n\t\t\t                    \t\t                       \t\t\r\n\t\t                       \t\t<div id=\"video-main-mars-mainvideo-widgets-REPLACE_TO_ID-1042605\" class=\"col-xl-3 col-lg-3 col-md-6 col-12 item responsive-height video-1042605\">\r\n\r\n\t\t                       \t\t\t<article class=\"post-1042605 video type-video status-publish format-standard has-post-thumbnail hentry categories-interviews categories-temoignages video_tag-interview video_tag-karl-zero video_tag-temoignage\">\r\n\r\n\t\t\t                                <div class=\"item-img\">\r\n\t\t\t                                \t<img loading=\"lazy\" decoding=\"async\" width=\"295\" height=\"167\" src=\"https:\/\/wantedpedo-officiel.com\/mur_video\/wp-content\/uploads\/2024\/03\/karl_zero_omerta_2024.png\" class=\"img-responsive wp-post-image\" alt=\"\" \/>\t\t\t\t\t\t\t\t\t\t\t\t<a href=\"https:\/\/wantedpedo-officiel.com\/mur_video\/video\/karl-zero-la-pedocriminalite-revient-dans-les-ecoles\/\"><div class=\"img-hover\"><\/div><\/a>\r\n\t\t\t\t\t\t\t\t\t\t\t<\/div>\r\n\r\n\t\t\t\t\t\t\t\t\t\t\t<div class=\"post-header\">\r\n\t\t                                        <h3 class=\"post-title\"><a href=\"https:\/\/wantedpedo-officiel.com\/mur_video\/video\/karl-zero-la-pedocriminalite-revient-dans-les-ecoles\/\">Karl Zero | La P\u00e9docriminalit\u00e9 revient dans les \u00e9coles<\/a><\/h3>\t\t\t\t\t\t\t\t\t\t\t\t\r\n\t\t\t<div class=\"meta\"><span class=\"date\">2 ans ago<\/span><span class=\"views\"><i class=\"fa fa-eye\"><\/i>76<\/span><span class=\"heart\"><i class=\"fa fa-thumbs-up\"><\/i>0<\/span>\r\n\t\t\t\t\t<span class=\"fcomments\"><i class=\"fa fa-comments\"><\/i>0<\/span>\r\n\t\t\t\t\r\n\t\t\t<\/div>\r\n\t\t\t\t\t\t\t\t\t\t\t\t\t<\/div>\r\n\t\t\t\t\t\t\t\t\t\t<\/article>\t\r\n                                     <\/div> \r\n\t\t\t                    \t\t                       \t\t\r\n\t\t                       \t\t<div id=\"video-main-mars-mainvideo-widgets-REPLACE_TO_ID-1042602\" class=\"col-xl-3 col-lg-3 col-md-6 col-12 item responsive-height video-1042602\">\r\n\r\n\t\t                       \t\t\t<article class=\"post-1042602 video type-video status-publish format-standard has-post-thumbnail hentry categories-interviews categories-temoignages video_tag-a-la-une video_tag-ciivise video_tag-edouard-durand video_tag-gerard-miller video_tag-ppda video_tag-violences-sexuelles-sur-mineurs\">\r\n\r\n\t\t\t                                <div class=\"item-img\">\r\n\t\t\t                                \t<img loading=\"lazy\" decoding=\"async\" width=\"295\" height=\"166\" src=\"https:\/\/wantedpedo-officiel.com\/mur_video\/wp-content\/uploads\/2024\/03\/juge_durand_hebdo_2024.png\" class=\"img-responsive wp-post-image\" alt=\"\" \/>\t\t\t\t\t\t\t\t\t\t\t\t<a href=\"https:\/\/wantedpedo-officiel.com\/mur_video\/video\/violences-sexuelles-la-colere-du-juge-durand-c-lhebdo-02-03-2024\/\"><div class=\"img-hover\"><\/div><\/a>\r\n\t\t\t\t\t\t\t\t\t\t\t<\/div>\r\n\r\n\t\t\t\t\t\t\t\t\t\t\t<div class=\"post-header\">\r\n\t\t                                        <h3 class=\"post-title\"><a href=\"https:\/\/wantedpedo-officiel.com\/mur_video\/video\/violences-sexuelles-la-colere-du-juge-durand-c-lhebdo-02-03-2024\/\">Violences sexuelles | la col\u00e8re du juge Durand &#8211; C l\u2019hebdo &#8211; 02\/03\/2024<\/a><\/h3>\t\t\t\t\t\t\t\t\t\t\t\t\r\n\t\t\t<div class=\"meta\"><span class=\"date\">2 ans ago<\/span><span class=\"views\"><i class=\"fa fa-eye\"><\/i>95<\/span><span class=\"heart\"><i class=\"fa fa-thumbs-up\"><\/i>0<\/span>\r\n\t\t\t\t\t<span class=\"fcomments\"><i class=\"fa fa-comments\"><\/i>0<\/span>\r\n\t\t\t\t\r\n\t\t\t<\/div>\r\n\t\t\t\t\t\t\t\t\t\t\t\t\t<\/div>\r\n\t\t\t\t\t\t\t\t\t\t<\/article>\t\r\n                                     <\/div> \r\n\t\t\t                    \t\t                       \t\t\r\n\t\t                       \t\t<div id=\"video-main-mars-mainvideo-widgets-REPLACE_TO_ID-1042150\" class=\"col-xl-3 col-lg-3 col-md-6 col-12 item responsive-height video-1042150\">\r\n\r\n\t\t                       \t\t\t<article class=\"post-1042150 video type-video status-publish format-standard has-post-thumbnail hentry categories-interviews categories-manifestation categories-pedocriminels categories-protection-de-lenfance categories-temoignages video_tag-a-la-une video_tag-cannes-la-bocca video_tag-claudio-trollo video_tag-golfe-juan video_tag-justice-pour-kim video_tag-manifestation video_tag-pedocriminel-en-liberte\">\r\n\r\n\t\t\t                                <div class=\"item-img\">\r\n\t\t\t                                \t<img loading=\"lazy\" decoding=\"async\" width=\"111\" height=\"197\" src=\"https:\/\/wantedpedo-officiel.com\/mur_video\/wp-content\/uploads\/2023\/07\/Claudio-Troilo-2.jpg\" class=\"img-responsive wp-post-image\" alt=\"Claudio Troilo\" \/>\t\t\t\t\t\t\t\t\t\t\t\t<a href=\"https:\/\/wantedpedo-officiel.com\/mur_video\/video\/predateur-en-liberte-mobilisation-le-22-aout-2023-a-cannes-la-bocca-place-du-marche-a-14h\/\"><div class=\"img-hover\"><\/div><\/a>\r\n\t\t\t\t\t\t\t\t\t\t\t<\/div>\r\n\r\n\t\t\t\t\t\t\t\t\t\t\t<div class=\"post-header\">\r\n\t\t                                        <h3 class=\"post-title\"><a href=\"https:\/\/wantedpedo-officiel.com\/mur_video\/video\/predateur-en-liberte-mobilisation-le-22-aout-2023-a-cannes-la-bocca-place-du-marche-a-14h\/\">P\u00e9docriminel en libert\u00e9 ! Mobilisation le 22 ao\u00fbt 2023 \u00e0 Cannes La Bocca, Place du march\u00e9 \u00e0 14h<\/a><\/h3>\t\t\t\t\t\t\t\t\t\t\t\t\r\n\t\t\t<div class=\"meta\"><span class=\"date\">3 ans ago<\/span><span class=\"views\"><i class=\"fa fa-eye\"><\/i>1,378<\/span><span class=\"heart\"><i class=\"fa fa-thumbs-up\"><\/i>0<\/span>\r\n\t\t\t\t\t<span class=\"fcomments\"><i class=\"fa fa-comments\"><\/i>0<\/span>\r\n\t\t\t\t\r\n\t\t\t<\/div>\r\n\t\t\t\t\t\t\t\t\t\t\t\t\t<\/div>\r\n\t\t\t\t\t\t\t\t\t\t<\/article>\t\r\n                                     <\/div> \r\n\t\t\t                    \t\t                       \t\t\r\n\t\t                       \t\t<div id=\"video-main-mars-mainvideo-widgets-REPLACE_TO_ID-1042033\" class=\"col-xl-3 col-lg-3 col-md-6 col-12 item responsive-height video-1042033\">\r\n\r\n\t\t                       \t\t\t<article class=\"post-1042033 video type-video status-publish format-standard has-post-thumbnail hentry categories-interviews categories-temoignages video_tag-alberto-moravia video_tag-michel-polac video_tag-pierre-paul-grasse\">\r\n\r\n\t\t\t                                <div class=\"item-img\">\r\n\t\t\t                                \t<img loading=\"lazy\" decoding=\"async\" width=\"262\" height=\"197\" src=\"https:\/\/wantedpedo-officiel.com\/mur_video\/wp-content\/uploads\/2023\/03\/ina_debat_pedo.jpg\" class=\"img-responsive wp-post-image\" alt=\"\" \/>\t\t\t\t\t\t\t\t\t\t\t\t<a href=\"https:\/\/wantedpedo-officiel.com\/mur_video\/video\/1971-le-debat-sur-linceste-dans-post-scriptum-archive-ina\/\"><div class=\"img-hover\"><\/div><\/a>\r\n\t\t\t\t\t\t\t\t\t\t\t<\/div>\r\n\r\n\t\t\t\t\t\t\t\t\t\t\t<div class=\"post-header\">\r\n\t\t                                        <h3 class=\"post-title\"><a href=\"https:\/\/wantedpedo-officiel.com\/mur_video\/video\/1971-le-debat-sur-linceste-dans-post-scriptum-archive-ina\/\">1971 : Le d\u00e9bat sur l&#8217;inceste dans &#8220;Post-Scriptum&#8221; | Archive INA<\/a><\/h3>\t\t\t\t\t\t\t\t\t\t\t\t\r\n\t\t\t<div class=\"meta\"><span class=\"date\">3 ans ago<\/span><span class=\"views\"><i class=\"fa fa-eye\"><\/i>158<\/span><span class=\"heart\"><i class=\"fa fa-thumbs-up\"><\/i>0<\/span>\r\n\t\t\t\t\t<span class=\"fcomments\"><i class=\"fa fa-comments\"><\/i>0<\/span>\r\n\t\t\t\t\r\n\t\t\t<\/div>\r\n\t\t\t\t\t\t\t\t\t\t\t\t\t<\/div>\r\n\t\t\t\t\t\t\t\t\t\t<\/article>\t\r\n                                     <\/div> \r\n\t\t\t                    \t\t                       \t\t\r\n\t\t                       \t\t<div id=\"video-main-mars-mainvideo-widgets-REPLACE_TO_ID-1042028\" class=\"col-xl-3 col-lg-3 col-md-6 col-12 item responsive-height video-1042028\">\r\n\r\n\t\t                       \t\t\t<article class=\"post-1042028 video type-video status-publish format-standard has-post-thumbnail hentry categories-interviews categories-temoignages video_tag-canada video_tag-maria-mourani video_tag-reseaux-pedocriminel video_tag-roger-ferland video_tag-scorpion\">\r\n\r\n\t\t\t                                <div class=\"item-img\">\r\n\t\t\t                                \t<img loading=\"lazy\" decoding=\"async\" width=\"295\" height=\"165\" src=\"https:\/\/wantedpedo-officiel.com\/mur_video\/wp-content\/uploads\/2023\/03\/operation_scorpion.jpg\" class=\"img-responsive wp-post-image\" alt=\"\" \/>\t\t\t\t\t\t\t\t\t\t\t\t<a href=\"https:\/\/wantedpedo-officiel.com\/mur_video\/video\/canada-operation-scorpion-reseau-pedocriminel\/\"><div class=\"img-hover\"><\/div><\/a>\r\n\t\t\t\t\t\t\t\t\t\t\t<\/div>\r\n\r\n\t\t\t\t\t\t\t\t\t\t\t<div class=\"post-header\">\r\n\t\t                                        <h3 class=\"post-title\"><a href=\"https:\/\/wantedpedo-officiel.com\/mur_video\/video\/canada-operation-scorpion-reseau-pedocriminel\/\">Canada | Op\u00e9ration SCORPION, r\u00e9seau p\u00e9docriminel<\/a><\/h3>\t\t\t\t\t\t\t\t\t\t\t\t\r\n\t\t\t<div class=\"meta\"><span class=\"date\">3 ans ago<\/span><span class=\"views\"><i class=\"fa fa-eye\"><\/i>165<\/span><span class=\"heart\"><i class=\"fa fa-thumbs-up\"><\/i>0<\/span>\r\n\t\t\t\t\t<span class=\"fcomments\"><i class=\"fa fa-comments\"><\/i>0<\/span>\r\n\t\t\t\t\r\n\t\t\t<\/div>\r\n\t\t\t\t\t\t\t\t\t\t\t\t\t<\/div>\r\n\t\t\t\t\t\t\t\t\t\t<\/article>\t\r\n                                     <\/div> \r\n\t\t\t                    \t\t                       \t\t\r\n\t\t                       \t\t<div id=\"video-main-mars-mainvideo-widgets-REPLACE_TO_ID-1042018\" class=\"col-xl-3 col-lg-3 col-md-6 col-12 item responsive-height video-1042018\">\r\n\r\n\t\t                       \t\t\t<article class=\"post-1042018 video type-video status-publish format-standard has-post-thumbnail hentry categories-interviews categories-temoignages video_tag-abus-sexuels-sur-mineurs video_tag-club-de-sport video_tag-comores video_tag-federation-francaise-de-footbal video_tag-gabon video_tag-mali video_tag-romain-molina\">\r\n\r\n\t\t\t                                <div class=\"item-img\">\r\n\t\t\t                                \t<img loading=\"lazy\" decoding=\"async\" width=\"295\" height=\"185\" src=\"https:\/\/wantedpedo-officiel.com\/mur_video\/wp-content\/uploads\/2022\/12\/molina_space.jpg\" class=\"img-responsive wp-post-image\" alt=\"\" \/>\t\t\t\t\t\t\t\t\t\t\t\t<a href=\"https:\/\/wantedpedo-officiel.com\/mur_video\/video\/pedocriminalite-dans-le-sport-international-romain-molina\/\"><div class=\"img-hover\"><\/div><\/a>\r\n\t\t\t\t\t\t\t\t\t\t\t<\/div>\r\n\r\n\t\t\t\t\t\t\t\t\t\t\t<div class=\"post-header\">\r\n\t\t                                        <h3 class=\"post-title\"><a href=\"https:\/\/wantedpedo-officiel.com\/mur_video\/video\/pedocriminalite-dans-le-sport-international-romain-molina\/\">P\u00e9docriminalit\u00e9 dans le sport international | Romain Molina<\/a><\/h3>\t\t\t\t\t\t\t\t\t\t\t\t\r\n\t\t\t<div class=\"meta\"><span class=\"date\">3 ans ago<\/span><span class=\"views\"><i class=\"fa fa-eye\"><\/i>162<\/span><span class=\"heart\"><i class=\"fa fa-thumbs-up\"><\/i>0<\/span>\r\n\t\t\t\t\t<span class=\"fcomments\"><i class=\"fa fa-comments\"><\/i>0<\/span>\r\n\t\t\t\t\r\n\t\t\t<\/div>\r\n\t\t\t\t\t\t\t\t\t\t\t\t\t<\/div>\r\n\t\t\t\t\t\t\t\t\t\t<\/article>\t\r\n                                     <\/div> \r\n\t\t\t                    \t\t                       \t\t\r\n\t\t                       \t\t<div id=\"video-main-mars-mainvideo-widgets-REPLACE_TO_ID-1041911\" class=\"col-xl-3 col-lg-3 col-md-6 col-12 item responsive-height video-1041911\">\r\n\r\n\t\t                       \t\t\t<article class=\"post-1041911 video type-video status-publish format-standard has-post-thumbnail hentry categories-interviews categories-reseaux-pedocriminels categories-temoignages video_tag-1-sur-5 video_tag-didier-maisto video_tag-karl-zero video_tag-radio-maisto video_tag-reseaux-pedocriminel\">\r\n\r\n\t\t\t                                <div class=\"item-img\">\r\n\t\t\t                                \t<img loading=\"lazy\" decoding=\"async\" width=\"295\" height=\"166\" src=\"https:\/\/wantedpedo-officiel.com\/mur_video\/wp-content\/uploads\/2021\/11\/karl_zero_maisto.jpg\" class=\"img-responsive wp-post-image\" alt=\"\" \/>\t\t\t\t\t\t\t\t\t\t\t\t<a href=\"https:\/\/wantedpedo-officiel.com\/mur_video\/video\/1sur5-karl-zero-repond-a-didier-maisto\/\"><div class=\"img-hover\"><\/div><\/a>\r\n\t\t\t\t\t\t\t\t\t\t\t<\/div>\r\n\r\n\t\t\t\t\t\t\t\t\t\t\t<div class=\"post-header\">\r\n\t\t                                        <h3 class=\"post-title\"><a href=\"https:\/\/wantedpedo-officiel.com\/mur_video\/video\/1sur5-karl-zero-repond-a-didier-maisto\/\">#1SUR5 | Karl Z\u00e9ro r\u00e9pond \u00e0 Didier Ma\u00efsto<\/a><\/h3>\t\t\t\t\t\t\t\t\t\t\t\t\r\n\t\t\t<div class=\"meta\"><span class=\"date\">4 ans ago<\/span><span class=\"views\"><i class=\"fa fa-eye\"><\/i>531<\/span><span class=\"heart\"><i class=\"fa fa-thumbs-up\"><\/i>0<\/span>\r\n\t\t\t\t\t<span class=\"fcomments\"><i class=\"fa fa-comments\"><\/i>0<\/span>\r\n\t\t\t\t\r\n\t\t\t<\/div>\r\n\t\t\t\t\t\t\t\t\t\t\t\t\t<\/div>\r\n\t\t\t\t\t\t\t\t\t\t<\/article>\t\r\n                                     <\/div> \r\n\t\t\t                    \t\t                       \t\t\r\n\t\t                       \t\t<div id=\"video-main-mars-mainvideo-widgets-REPLACE_TO_ID-1041718\" class=\"col-xl-3 col-lg-3 col-md-6 col-12 item responsive-height video-1041718\">\r\n\r\n\t\t                       \t\t\t<article class=\"post-1041718 video type-video status-publish format-standard has-post-thumbnail hentry categories-interviews categories-reseaux-pedocriminels video_tag-bruno-mercier video_tag-dcri video_tag-franc-maconnerie video_tag-reseau-triangle video_tag-reseaux-pedocriminel\">\r\n\r\n\t\t\t                                <div class=\"item-img\">\r\n\t\t\t                                \t<img loading=\"lazy\" decoding=\"async\" width=\"295\" height=\"163\" src=\"https:\/\/wantedpedo-officiel.com\/mur_video\/wp-content\/uploads\/2021\/09\/bruno_mercier.jpg\" class=\"img-responsive wp-post-image\" alt=\"\" \/>\t\t\t\t\t\t\t\t\t\t\t\t<a href=\"https:\/\/wantedpedo-officiel.com\/mur_video\/video\/reseau-triangle-bruno-mercier-dcri-metatv\/\"><div class=\"img-hover\"><\/div><\/a>\r\n\t\t\t\t\t\t\t\t\t\t\t<\/div>\r\n\r\n\t\t\t\t\t\t\t\t\t\t\t<div class=\"post-header\">\r\n\t\t                                        <h3 class=\"post-title\"><a href=\"https:\/\/wantedpedo-officiel.com\/mur_video\/video\/reseau-triangle-bruno-mercier-dcri-metatv\/\">R\u00e9seau Triangle | Bruno Mercier, DCRI | M\u00e9taTV<\/a><\/h3>\t\t\t\t\t\t\t\t\t\t\t\t\r\n\t\t\t<div class=\"meta\"><span class=\"date\">5 ans ago<\/span><span class=\"views\"><i class=\"fa fa-eye\"><\/i>586<\/span><span class=\"heart\"><i class=\"fa fa-thumbs-up\"><\/i>0<\/span>\r\n\t\t\t\t\t<span class=\"fcomments\"><i class=\"fa fa-comments\"><\/i>0<\/span>\r\n\t\t\t\t\r\n\t\t\t<\/div>\r\n\t\t\t\t\t\t\t\t\t\t\t\t\t<\/div>\r\n\t\t\t\t\t\t\t\t\t\t<\/article>\t\r\n                                     <\/div> \r\n\t\t\t                    \t\t                       \t\t\r\n\t\t                       \t\t<div id=\"video-main-mars-mainvideo-widgets-REPLACE_TO_ID-1041608\" class=\"col-xl-3 col-lg-3 col-md-6 col-12 item responsive-height video-1041608\">\r\n\r\n\t\t                       \t\t\t<article class=\"post-1041608 video type-video status-publish format-standard has-post-thumbnail hentry categories-interviews categories-temoignages video_tag-affaire-marc-dutroux video_tag-donde-vamos video_tag-eric-dupont-moretti video_tag-franc-maconnerie video_tag-france video_tag-michel-fourniret video_tag-omerta video_tag-pedoland video_tag-reseaux-pedocriminel\">\r\n\r\n\t\t\t                                <div class=\"item-img\">\r\n\t\t\t                                \t<img loading=\"lazy\" decoding=\"async\" width=\"295\" height=\"150\" src=\"https:\/\/wantedpedo-officiel.com\/mur_video\/wp-content\/uploads\/2021\/05\/donde_vamos_akina.jpg\" class=\"img-responsive wp-post-image\" alt=\"\" \/>\t\t\t\t\t\t\t\t\t\t\t\t<a href=\"https:\/\/wantedpedo-officiel.com\/mur_video\/video\/protegeons-nos-enfants-lanceur-dalerte-donde-vamos\/\"><div class=\"img-hover\"><\/div><\/a>\r\n\t\t\t\t\t\t\t\t\t\t\t<\/div>\r\n\r\n\t\t\t\t\t\t\t\t\t\t\t<div class=\"post-header\">\r\n\t\t                                        <h3 class=\"post-title\"><a href=\"https:\/\/wantedpedo-officiel.com\/mur_video\/video\/protegeons-nos-enfants-lanceur-dalerte-donde-vamos\/\">Prot\u00e9geons nos enfants ! Lanceur d&#8217;alerte : Donde Vamos<\/a><\/h3>\t\t\t\t\t\t\t\t\t\t\t\t\r\n\t\t\t<div class=\"meta\"><span class=\"date\">5 ans ago<\/span><span class=\"views\"><i class=\"fa fa-eye\"><\/i>405<\/span><span class=\"heart\"><i class=\"fa fa-thumbs-up\"><\/i>0<\/span>\r\n\t\t\t\t\t<span class=\"fcomments\"><i class=\"fa fa-comments\"><\/i>0<\/span>\r\n\t\t\t\t\r\n\t\t\t<\/div>\r\n\t\t\t\t\t\t\t\t\t\t\t\t\t<\/div>\r\n\t\t\t\t\t\t\t\t\t\t<\/article>\t\r\n                                     <\/div> \r\n\t\t\t                    \t\t                       \t\t\r\n\t\t                       \t\t<div id=\"video-main-mars-mainvideo-widgets-REPLACE_TO_ID-1041606\" class=\"col-xl-3 col-lg-3 col-md-6 col-12 item responsive-height video-1041606\">\r\n\r\n\t\t                       \t\t\t<article class=\"post-1041606 video type-video status-publish format-standard has-post-thumbnail hentry categories-interviews categories-reseaux-pedocriminels categories-temoignages video_tag-corruption video_tag-destruction-de-preuves video_tag-dgsi video_tag-franc-maconnerie video_tag-gouvernement video_tag-karl-zero video_tag-michel-fourniret video_tag-militaires video_tag-nordahl-lelandais video_tag-omerta video_tag-reseaux-pedocriminel video_tag-sud-radio\">\r\n\r\n\t\t\t                                <div class=\"item-img\">\r\n\t\t\t                                \t<img loading=\"lazy\" decoding=\"async\" width=\"295\" height=\"163\" src=\"https:\/\/wantedpedo-officiel.com\/mur_video\/wp-content\/uploads\/2021\/05\/sud_radio_karl_zero.jpg\" class=\"img-responsive wp-post-image\" alt=\"\" \/>\t\t\t\t\t\t\t\t\t\t\t\t<a href=\"https:\/\/wantedpedo-officiel.com\/mur_video\/video\/karl-zero-lenvers-des-affaires-michel-fourniret-nordahl-lelandais\/\"><div class=\"img-hover\"><\/div><\/a>\r\n\t\t\t\t\t\t\t\t\t\t\t<\/div>\r\n\r\n\t\t\t\t\t\t\t\t\t\t\t<div class=\"post-header\">\r\n\t\t                                        <h3 class=\"post-title\"><a href=\"https:\/\/wantedpedo-officiel.com\/mur_video\/video\/karl-zero-lenvers-des-affaires-michel-fourniret-nordahl-lelandais\/\">Karl Zero, l&#8217;Envers des Affaires | Michel Fourniret, Nordahl Lelandais<\/a><\/h3>\t\t\t\t\t\t\t\t\t\t\t\t\r\n\t\t\t<div class=\"meta\"><span class=\"date\">5 ans ago<\/span><span class=\"views\"><i class=\"fa fa-eye\"><\/i>579<\/span><span class=\"heart\"><i class=\"fa fa-thumbs-up\"><\/i>0<\/span>\r\n\t\t\t\t\t<span class=\"fcomments\"><i class=\"fa fa-comments\"><\/i>0<\/span>\r\n\t\t\t\t\r\n\t\t\t<\/div>\r\n\t\t\t\t\t\t\t\t\t\t\t\t\t<\/div>\r\n\t\t\t\t\t\t\t\t\t\t<\/article>\t\r\n                                     <\/div> \r\n\t\t\t                    \t\t                       \t\t\r\n\t\t                       \t\t<div id=\"video-main-mars-mainvideo-widgets-REPLACE_TO_ID-1041580\" class=\"col-xl-3 col-lg-3 col-md-6 col-12 item responsive-height video-1041580\">\r\n\r\n\t\t                       \t\t\t<article class=\"post-1041580 video type-video status-publish format-standard has-post-thumbnail hentry categories-interviews categories-pedocriminels video_tag-avocat-gilles-william-goldnadel video_tag-finkielkraut video_tag-olivier-duhamel video_tag-pascal-praud\">\r\n\r\n\t\t\t                                <div class=\"item-img\">\r\n\t\t\t                                \t<img loading=\"lazy\" decoding=\"async\" width=\"295\" height=\"165\" src=\"https:\/\/wantedpedo-officiel.com\/mur_video\/wp-content\/uploads\/2021\/04\/praud_goldnadel.jpg\" class=\"img-responsive wp-post-image\" alt=\"\" \/>\t\t\t\t\t\t\t\t\t\t\t\t<a href=\"https:\/\/wantedpedo-officiel.com\/mur_video\/video\/lavocat-enrage-gilles-william-goldnadel-nest-pas-le-complice-des-pedophiles\/\"><div class=\"img-hover\"><\/div><\/a>\r\n\t\t\t\t\t\t\t\t\t\t\t<\/div>\r\n\r\n\t\t\t\t\t\t\t\t\t\t\t<div class=\"post-header\">\r\n\t\t                                        <h3 class=\"post-title\"><a href=\"https:\/\/wantedpedo-officiel.com\/mur_video\/video\/lavocat-enrage-gilles-william-goldnadel-nest-pas-le-complice-des-pedophiles\/\">L&#8217;avocat enrag\u00e9 Gilles-William Goldnadel n&#8217;est pas le complice des p\u00e9dophiles&#8230;<\/a><\/h3>\t\t\t\t\t\t\t\t\t\t\t\t\r\n\t\t\t<div class=\"meta\"><span class=\"date\">5 ans ago<\/span><span class=\"views\"><i class=\"fa fa-eye\"><\/i>345<\/span><span class=\"heart\"><i class=\"fa fa-thumbs-up\"><\/i>0<\/span>\r\n\t\t\t\t\t<span class=\"fcomments\"><i class=\"fa fa-comments\"><\/i>0<\/span>\r\n\t\t\t\t\r\n\t\t\t<\/div>\r\n\t\t\t\t\t\t\t\t\t\t\t\t\t<\/div>\r\n\t\t\t\t\t\t\t\t\t\t<\/article>\t\r\n                                     <\/div> \r\n\t\t\t                    \t\t                       \t\t\r\n\t\t                       \t\t<div id=\"video-main-mars-mainvideo-widgets-REPLACE_TO_ID-1041543\" class=\"col-xl-3 col-lg-3 col-md-6 col-12 item responsive-height video-1041543\">\r\n\r\n\t\t                       \t\t\t<article class=\"post-1041543 video type-video status-publish format-standard has-post-thumbnail hentry categories-interviews categories-pedocriminels video_tag-francis-bergeron video_tag-pedocriminalite video_tag-politiques video_tag-tv-libertes\">\r\n\r\n\t\t\t                                <div class=\"item-img\">\r\n\t\t\t                                \t<img loading=\"lazy\" decoding=\"async\" width=\"295\" height=\"153\" src=\"https:\/\/wantedpedo-officiel.com\/mur_video\/wp-content\/uploads\/2021\/03\/bergeron_tvl_gauche_pedophile.jpg\" class=\"img-responsive wp-post-image\" alt=\"\" \/>\t\t\t\t\t\t\t\t\t\t\t\t<a href=\"https:\/\/wantedpedo-officiel.com\/mur_video\/video\/la-gauche-pedocriminelle-ou-les-ogres-du-camp-du-bien-tvlibertes\/\"><div class=\"img-hover\"><\/div><\/a>\r\n\t\t\t\t\t\t\t\t\t\t\t<\/div>\r\n\r\n\t\t\t\t\t\t\t\t\t\t\t<div class=\"post-header\">\r\n\t\t                                        <h3 class=\"post-title\"><a href=\"https:\/\/wantedpedo-officiel.com\/mur_video\/video\/la-gauche-pedocriminelle-ou-les-ogres-du-camp-du-bien-tvlibertes\/\">La gauche p\u00e9docriminelle ou les ogres du camp du bien ! | TVLibert\u00e9s<\/a><\/h3>\t\t\t\t\t\t\t\t\t\t\t\t\r\n\t\t\t<div class=\"meta\"><span class=\"date\">5 ans ago<\/span><span class=\"views\"><i class=\"fa fa-eye\"><\/i>446<\/span><span class=\"heart\"><i class=\"fa fa-thumbs-up\"><\/i>0<\/span>\r\n\t\t\t\t\t<span class=\"fcomments\"><i class=\"fa fa-comments\"><\/i>0<\/span>\r\n\t\t\t\t\r\n\t\t\t<\/div>\r\n\t\t\t\t\t\t\t\t\t\t\t\t\t<\/div>\r\n\t\t\t\t\t\t\t\t\t\t<\/article>\t\r\n                                     <\/div> \r\n\t\t\t                    \t\t                       \t\t\r\n\t\t                       \t\t<div id=\"video-main-mars-mainvideo-widgets-REPLACE_TO_ID-957316\" class=\"col-xl-3 col-lg-3 col-md-6 col-12 item responsive-height video-957316\">\r\n\r\n\t\t                       \t\t\t<article class=\"post-957316 video type-video status-publish format-standard has-post-thumbnail hentry categories-interviews video_tag-abus-rituels video_tag-alexandre-lebreton video_tag-franc-maconnerie video_tag-reseau-pedocriminel video_tag-secte\">\r\n\r\n\t\t\t                                <div class=\"item-img\">\r\n\t\t\t                                \t<img loading=\"lazy\" decoding=\"async\" width=\"295\" height=\"166\" src=\"https:\/\/wantedpedo-officiel.com\/mur_video\/wp-content\/uploads\/2021\/03\/karl-zero-pedocriminalite-et-fra.jpg\" class=\"img-responsive wp-post-image\" alt=\"\" \/>\t\t\t\t\t\t\t\t\t\t\t\t<a href=\"https:\/\/wantedpedo-officiel.com\/mur_video\/video\/karl-zero-pedocriminalite-et-franc-maconnerie\/\"><div class=\"img-hover\"><\/div><\/a>\r\n\t\t\t\t\t\t\t\t\t\t\t<\/div>\r\n\r\n\t\t\t\t\t\t\t\t\t\t\t<div class=\"post-header\">\r\n\t\t                                        <h3 class=\"post-title\"><a href=\"https:\/\/wantedpedo-officiel.com\/mur_video\/video\/karl-zero-pedocriminalite-et-franc-maconnerie\/\">Karl Z\u00e9ro | P\u00e9docriminalit\u00e9 et franc-ma\u00e7onnerie<\/a><\/h3>\t\t\t\t\t\t\t\t\t\t\t\t\r\n\t\t\t<div class=\"meta\"><span class=\"date\">5 ans ago<\/span><span class=\"views\"><i class=\"fa fa-eye\"><\/i>696<\/span><span class=\"heart\"><i class=\"fa fa-thumbs-up\"><\/i>2<\/span>\r\n\t\t\t\t\t<span class=\"fcomments\"><i class=\"fa fa-comments\"><\/i>0<\/span>\r\n\t\t\t\t\r\n\t\t\t<\/div>\r\n\t\t\t\t\t\t\t\t\t\t\t\t\t<\/div>\r\n\t\t\t\t\t\t\t\t\t\t<\/article>\t\r\n                                     <\/div> \r\n\t\t\t                    \t\t                       \t\t\r\n\t\t                       \t\t<div id=\"video-main-mars-mainvideo-widgets-REPLACE_TO_ID-790648\" class=\"col-xl-3 col-lg-3 col-md-6 col-12 item responsive-height video-790648\">\r\n\r\n\t\t                       \t\t\t<article class=\"post-790648 video type-video status-publish format-standard has-post-thumbnail hentry categories-interviews video_tag-france-soir video_tag-interview video_tag-morad-el-hattab video_tag-pedocriminalite\">\r\n\r\n\t\t\t                                <div class=\"item-img\">\r\n\t\t\t                                \t<img loading=\"lazy\" decoding=\"async\" width=\"295\" height=\"155\" src=\"https:\/\/wantedpedo-officiel.com\/mur_video\/wp-content\/uploads\/2021\/02\/morad_el_hattab.jpg\" class=\"img-responsive wp-post-image\" alt=\"\" \/>\t\t\t\t\t\t\t\t\t\t\t\t<a href=\"https:\/\/wantedpedo-officiel.com\/mur_video\/video\/morad-el-hattab-au-defi-de-la-verite\/\"><div class=\"img-hover\"><\/div><\/a>\r\n\t\t\t\t\t\t\t\t\t\t\t<\/div>\r\n\r\n\t\t\t\t\t\t\t\t\t\t\t<div class=\"post-header\">\r\n\t\t                                        <h3 class=\"post-title\"><a href=\"https:\/\/wantedpedo-officiel.com\/mur_video\/video\/morad-el-hattab-au-defi-de-la-verite\/\">Morad El Hattab au D\u00e9fi de la v\u00e9rit\u00e9<\/a><\/h3>\t\t\t\t\t\t\t\t\t\t\t\t\r\n\t\t\t<div class=\"meta\"><span class=\"date\">5 ans ago<\/span><span class=\"views\"><i class=\"fa fa-eye\"><\/i>1,001<\/span><span class=\"heart\"><i class=\"fa fa-thumbs-up\"><\/i>7<\/span>\r\n\t\t\t\t\t<span class=\"fcomments\"><i class=\"fa fa-comments\"><\/i>0<\/span>\r\n\t\t\t\t\r\n\t\t\t<\/div>\r\n\t\t\t\t\t\t\t\t\t\t\t\t\t<\/div>\r\n\t\t\t\t\t\t\t\t\t\t<\/article>\t\r\n                                     <\/div> \r\n\t\t\t                    \t\t                       \t\t\r\n\t\t                       \t\t<div id=\"video-main-mars-mainvideo-widgets-REPLACE_TO_ID-349396\" class=\"col-xl-3 col-lg-3 col-md-6 col-12 item responsive-height video-349396\">\r\n\r\n\t\t                       \t\t\t<article class=\"post-349396 video type-video status-publish format-standard has-post-thumbnail hentry categories-interviews categories-wanted-pedo-repond video_tag-asso-l-wantedpedo video_tag-gregos video_tag-interview video_tag-le-micro-papillon video_tag-maxime-montaut video_tag-wanted-pedo\">\r\n\r\n\t\t\t                                <div class=\"item-img\">\r\n\t\t\t                                \t<img loading=\"lazy\" decoding=\"async\" width=\"263\" height=\"197\" src=\"https:\/\/wantedpedo-officiel.com\/mur_video\/wp-content\/uploads\/2021\/03\/wanted-pedo-les-reseaux-pedophil.jpg\" class=\"img-responsive wp-post-image\" alt=\"\" \/>\t\t\t\t\t\t\t\t\t\t\t\t<a href=\"https:\/\/wantedpedo-officiel.com\/mur_video\/video\/wanted-pedo-les-reseaux-pedophiles-avec-maxime-montaut-le-micro-papillon\/\"><div class=\"img-hover\"><\/div><\/a>\r\n\t\t\t\t\t\t\t\t\t\t\t<\/div>\r\n\r\n\t\t\t\t\t\t\t\t\t\t\t<div class=\"post-header\">\r\n\t\t                                        <h3 class=\"post-title\"><a href=\"https:\/\/wantedpedo-officiel.com\/mur_video\/video\/wanted-pedo-les-reseaux-pedophiles-avec-maxime-montaut-le-micro-papillon\/\">Wanted Pedo | Les r\u00e9seaux p\u00e9dophiles avec Maxime Montaut | Le Micro Papillon<\/a><\/h3>\t\t\t\t\t\t\t\t\t\t\t\t\r\n\t\t\t<div class=\"meta\"><span class=\"date\">5 ans ago<\/span><span class=\"views\"><i class=\"fa fa-eye\"><\/i>699<\/span><span class=\"heart\"><i class=\"fa fa-thumbs-up\"><\/i>9<\/span>\r\n\t\t\t\t\t<span class=\"fcomments\"><i class=\"fa fa-comments\"><\/i>0<\/span>\r\n\t\t\t\t\r\n\t\t\t<\/div>\r\n\t\t\t\t\t\t\t\t\t\t\t\t\t<\/div>\r\n\t\t\t\t\t\t\t\t\t\t<\/article>\t\r\n                                     <\/div> \r\n\t\t\t                    \t\t                       \t\t\r\n\t\t                       \t\t<div id=\"video-main-mars-mainvideo-widgets-REPLACE_TO_ID-138092\" class=\"col-xl-3 col-lg-3 col-md-6 col-12 item responsive-height video-138092\">\r\n\r\n\t\t                       \t\t\t<article class=\"post-138092 video type-video status-publish format-standard has-post-thumbnail hentry categories-interviews categories-wanted-pedo-repond video_tag-christian-lacault video_tag-debunkers-de-hoax video_tag-stephanie-bultel video_tag-sutter-cane video_tag-troll\">\r\n\r\n\t\t\t                                <div class=\"item-img\">\r\n\t\t\t                                \t<img loading=\"lazy\" decoding=\"async\" width=\"295\" height=\"166\" src=\"https:\/\/wantedpedo-officiel.com\/mur_video\/wp-content\/uploads\/2020\/10\/vlc_2020-10-07_21-05-05.png\" class=\"img-responsive wp-post-image\" alt=\"\" \/>\t\t\t\t\t\t\t\t\t\t\t\t<a href=\"https:\/\/wantedpedo-officiel.com\/mur_video\/video\/wanted-pedo-en-visite-au-siege-de-debunker-de-hoax\/\"><div class=\"img-hover\"><\/div><\/a>\r\n\t\t\t\t\t\t\t\t\t\t\t<\/div>\r\n\r\n\t\t\t\t\t\t\t\t\t\t\t<div class=\"post-header\">\r\n\t\t                                        <h3 class=\"post-title\"><a href=\"https:\/\/wantedpedo-officiel.com\/mur_video\/video\/wanted-pedo-en-visite-au-siege-de-debunker-de-hoax\/\">Wanted Pedo en visite au si\u00e8ge de Debunkers de hoax<\/a><\/h3>\t\t\t\t\t\t\t\t\t\t\t\t\r\n\t\t\t<div class=\"meta\"><span class=\"date\">6 ans ago<\/span><span class=\"views\"><i class=\"fa fa-eye\"><\/i>1,087<\/span><span class=\"heart\"><i class=\"fa fa-thumbs-up\"><\/i>25<\/span>\r\n\t\t\t\t\t<span class=\"fcomments\"><i class=\"fa fa-comments\"><\/i>0<\/span>\r\n\t\t\t\t\r\n\t\t\t<\/div>\r\n\t\t\t\t\t\t\t\t\t\t\t\t\t<\/div>\r\n\t\t\t\t\t\t\t\t\t\t<\/article>\t\r\n                                     <\/div> \r\n\t\t\t                    \t\t                       \t\t\r\n\t\t                       \t\t<div id=\"video-main-mars-mainvideo-widgets-REPLACE_TO_ID-51495\" class=\"col-xl-3 col-lg-3 col-md-6 col-12 item responsive-height video-51495\">\r\n\r\n\t\t                       \t\t\t<article class=\"post-51495 video type-video status-publish format-standard has-post-thumbnail hentry categories-documentaires categories-interviews video_tag-abus-rituels video_tag-centre-pour-enfants video_tag-maltraitance video_tag-mk-ultra video_tag-paris-hilton video_tag-programmation-mentale video_tag-provo-canyon-school video_tag-temoignages video_tag-tortures\">\r\n\r\n\t\t\t                                <div class=\"item-img\">\r\n\t\t\t                                \t<img loading=\"lazy\" decoding=\"async\" width=\"295\" height=\"166\" src=\"https:\/\/wantedpedo-officiel.com\/mur_video\/wp-content\/uploads\/2021\/03\/paris-hilton-et-la-provo-canyon.jpg\" class=\"img-responsive wp-post-image\" alt=\"\" \/>\t\t\t\t\t\t\t\t\t\t\t\t<a href=\"https:\/\/wantedpedo-officiel.com\/mur_video\/video\/paris-hilton-et-la-provo-canyon-school-centre-de-fous-furieux-qui-eduquent-par-les-traumas\/\"><div class=\"img-hover\"><\/div><\/a>\r\n\t\t\t\t\t\t\t\t\t\t\t<\/div>\r\n\r\n\t\t\t\t\t\t\t\t\t\t\t<div class=\"post-header\">\r\n\t\t                                        <h3 class=\"post-title\"><a href=\"https:\/\/wantedpedo-officiel.com\/mur_video\/video\/paris-hilton-et-la-provo-canyon-school-centre-de-fous-furieux-qui-eduquent-par-les-traumas\/\">Paris Hilton et la Provo Canyon School | Centre de &#8220;fous furieux&#8221; qui \u00e9duquent par les traumas<\/a><\/h3>\t\t\t\t\t\t\t\t\t\t\t\t\r\n\t\t\t<div class=\"meta\"><span class=\"date\">6 ans ago<\/span><span class=\"views\"><i class=\"fa fa-eye\"><\/i>619<\/span><span class=\"heart\"><i class=\"fa fa-thumbs-up\"><\/i>3<\/span>\r\n\t\t\t\t\t<span class=\"fcomments\"><i class=\"fa fa-comments\"><\/i>0<\/span>\r\n\t\t\t\t\r\n\t\t\t<\/div>\r\n\t\t\t\t\t\t\t\t\t\t\t\t\t<\/div>\r\n\t\t\t\t\t\t\t\t\t\t<\/article>\t\r\n                                     <\/div> \r\n\t\t\t                    \t\t                       \t\t\r\n\t\t                       \t\t<div id=\"video-main-mars-mainvideo-widgets-REPLACE_TO_ID-51144\" class=\"col-xl-3 col-lg-3 col-md-6 col-12 item responsive-height video-51144\">\r\n\r\n\t\t                       \t\t\t<article class=\"post-51144 video type-video status-publish format-standard has-post-thumbnail hentry categories-interviews video_tag-beor video_tag-disparition video_tag-enfants-disparus video_tag-le-micro-papillon video_tag-les-disparus-anonymes\">\r\n\r\n\t\t\t                                <div class=\"item-img\">\r\n\t\t\t                                \t<img loading=\"lazy\" decoding=\"async\" width=\"295\" height=\"166\" src=\"https:\/\/wantedpedo-officiel.com\/mur_video\/wp-content\/uploads\/2021\/03\/les-disparus-anonymes-beor-nous.jpg\" class=\"img-responsive wp-post-image\" alt=\"\" \/>\t\t\t\t\t\t\t\t\t\t\t\t<a href=\"https:\/\/wantedpedo-officiel.com\/mur_video\/video\/les-disparus-anonymes-beor-nous-parle-de-son-collectif-itw-gregos\/\"><div class=\"img-hover\"><\/div><\/a>\r\n\t\t\t\t\t\t\t\t\t\t\t<\/div>\r\n\r\n\t\t\t\t\t\t\t\t\t\t\t<div class=\"post-header\">\r\n\t\t                                        <h3 class=\"post-title\"><a href=\"https:\/\/wantedpedo-officiel.com\/mur_video\/video\/les-disparus-anonymes-beor-nous-parle-de-son-collectif-itw-gregos\/\">Les disparus anonymes &#8211; B\u00e9or nous parle de son collectif &#8211; ITW: Gregos<\/a><\/h3>\t\t\t\t\t\t\t\t\t\t\t\t\r\n\t\t\t<div class=\"meta\"><span class=\"date\">6 ans ago<\/span><span class=\"views\"><i class=\"fa fa-eye\"><\/i>483<\/span><span class=\"heart\"><i class=\"fa fa-thumbs-up\"><\/i>4<\/span>\r\n\t\t\t\t\t<span class=\"fcomments\"><i class=\"fa fa-comments\"><\/i>0<\/span>\r\n\t\t\t\t\r\n\t\t\t<\/div>\r\n\t\t\t\t\t\t\t\t\t\t\t\t\t<\/div>\r\n\t\t\t\t\t\t\t\t\t\t<\/article>\t\r\n                                     <\/div> \r\n\t\t\t                    \t\t                       \t\t\r\n\t\t                       \t\t<div id=\"video-main-mars-mainvideo-widgets-REPLACE_TO_ID-3227\" class=\"col-xl-3 col-lg-3 col-md-6 col-12 item responsive-height video-3227\">\r\n\r\n\t\t                       \t\t\t<article class=\"post-3227 video type-video status-publish format-standard has-post-thumbnail hentry categories-abus-rituels categories-franc-maconnerie categories-interviews categories-reseaux-pedocriminels video_tag-abus-rituels-sataniques video_tag-envansville video_tag-franc-maconnerie video_tag-interview video_tag-maison-bleue video_tag-pedocriminalite video_tag-procureur video_tag-stan-levco video_tag-usa\">\r\n\r\n\t\t\t                                <div class=\"item-img\">\r\n\t\t\t                                \t<img loading=\"lazy\" decoding=\"async\" width=\"295\" height=\"166\" src=\"https:\/\/wantedpedo-officiel.com\/mur_video\/wp-content\/uploads\/2021\/03\/stan-levco-procureur-sous-influe.jpg\" class=\"img-responsive wp-post-image\" alt=\"\" \/>\t\t\t\t\t\t\t\t\t\t\t\t<a href=\"https:\/\/wantedpedo-officiel.com\/mur_video\/video\/stan-levco-procureur-sous-influence-occulte-qui-refuse-dinvestiguer-les-crimes-rituels-sur-enfants\/\"><div class=\"img-hover\"><\/div><\/a>\r\n\t\t\t\t\t\t\t\t\t\t\t<\/div>\r\n\r\n\t\t\t\t\t\t\t\t\t\t\t<div class=\"post-header\">\r\n\t\t                                        <h3 class=\"post-title\"><a href=\"https:\/\/wantedpedo-officiel.com\/mur_video\/video\/stan-levco-procureur-sous-influence-occulte-qui-refuse-dinvestiguer-les-crimes-rituels-sur-enfants\/\">STAN LEVCO Procureur sous influence occulte qui refuse d&#8217;investiguer les crimes rituels sur enfants?<\/a><\/h3>\t\t\t\t\t\t\t\t\t\t\t\t\r\n\t\t\t<div class=\"meta\"><span class=\"date\">6 ans ago<\/span><span class=\"views\"><i class=\"fa fa-eye\"><\/i>1,056<\/span><span class=\"heart\"><i class=\"fa fa-thumbs-up\"><\/i>2<\/span>\r\n\t\t\t\t\t<span class=\"fcomments\"><i class=\"fa fa-comments\"><\/i>0<\/span>\r\n\t\t\t\t\r\n\t\t\t<\/div>\r\n\t\t\t\t\t\t\t\t\t\t\t\t\t<\/div>\r\n\t\t\t\t\t\t\t\t\t\t<\/article>\t\r\n                                     <\/div> \r\n\t\t\t                    \t\t                       \t\t\r\n\t\t                       \t\t<div id=\"video-main-mars-mainvideo-widgets-REPLACE_TO_ID-3214\" class=\"col-xl-3 col-lg-3 col-md-6 col-12 item responsive-height video-3214\">\r\n\r\n\t\t                       \t\t\t<article class=\"post-3214 video type-video status-publish format-standard has-post-thumbnail hentry categories-interviews categories-temoignages categories-wanted-pedo-repond video_tag-association-lenfant-bleu video_tag-exister-en-liberte video_tag-fabrice-kemmeh video_tag-franc-maconnerie video_tag-imposture video_tag-live video_tag-pedocriminalite video_tag-stan-maillaud video_tag-troll video_tag-wanted-pedo\">\r\n\r\n\t\t\t                                <div class=\"item-img\">\r\n\t\t\t                                \t<img loading=\"lazy\" decoding=\"async\" width=\"263\" height=\"197\" src=\"https:\/\/wantedpedo-officiel.com\/mur_video\/wp-content\/uploads\/2021\/03\/limposture-de-la-lutte-contre-la.jpg\" class=\"img-responsive wp-post-image\" alt=\"\" \/>\t\t\t\t\t\t\t\t\t\t\t\t<a href=\"https:\/\/wantedpedo-officiel.com\/mur_video\/video\/limposture-de-la-lutte-contre-la-pedocriminalite-live-wanted-pedo-exister-en-liberte\/\"><div class=\"img-hover\"><\/div><\/a>\r\n\t\t\t\t\t\t\t\t\t\t\t<\/div>\r\n\r\n\t\t\t\t\t\t\t\t\t\t\t<div class=\"post-header\">\r\n\t\t                                        <h3 class=\"post-title\"><a href=\"https:\/\/wantedpedo-officiel.com\/mur_video\/video\/limposture-de-la-lutte-contre-la-pedocriminalite-live-wanted-pedo-exister-en-liberte\/\">Live | Wanted Pedo &#038; Exister en Libert\u00e9 : L&#8217;imposture de la lutte contre la p\u00e9docriminalit\u00e9<\/a><\/h3>\t\t\t\t\t\t\t\t\t\t\t\t\r\n\t\t\t<div class=\"meta\"><span class=\"date\">6 ans ago<\/span><span class=\"views\"><i class=\"fa fa-eye\"><\/i>1,426<\/span><span class=\"heart\"><i class=\"fa fa-thumbs-up\"><\/i>13<\/span>\r\n\t\t\t\t\t<span class=\"fcomments\"><i class=\"fa fa-comments\"><\/i>0<\/span>\r\n\t\t\t\t\r\n\t\t\t<\/div>\r\n\t\t\t\t\t\t\t\t\t\t\t\t\t<\/div>\r\n\t\t\t\t\t\t\t\t\t\t<\/article>\t\r\n                                     <\/div> \r\n\t\t\t                    \t\t                       \t\t\r\n\t\t                       \t\t<div id=\"video-main-mars-mainvideo-widgets-REPLACE_TO_ID-3201\" class=\"col-xl-3 col-lg-3 col-md-6 col-12 item responsive-height video-3201\">\r\n\r\n\t\t                       \t\t\t<article class=\"post-3201 video type-video status-publish format-standard has-post-thumbnail hentry categories-documentaires categories-interviews categories-protection-de-lenfance categories-temoignages video_tag-aide-sociale-a-lenfance video_tag-ase video_tag-dysfonctionnement video_tag-france video_tag-injustice video_tag-placements-abusifs video_tag-republiqe\">\r\n\r\n\t\t\t                                <div class=\"item-img\">\r\n\t\t\t                                \t<img loading=\"lazy\" decoding=\"async\" width=\"295\" height=\"166\" src=\"https:\/\/wantedpedo-officiel.com\/mur_video\/wp-content\/uploads\/2021\/03\/placements-abusifs-au-coeur-de-l.jpg\" class=\"img-responsive wp-post-image\" alt=\"\" \/>\t\t\t\t\t\t\t\t\t\t\t\t<a href=\"https:\/\/wantedpedo-officiel.com\/mur_video\/video\/au-coeur-de-la-republique-lenfance-en-danger\/\"><div class=\"img-hover\"><\/div><\/a>\r\n\t\t\t\t\t\t\t\t\t\t\t<\/div>\r\n\r\n\t\t\t\t\t\t\t\t\t\t\t<div class=\"post-header\">\r\n\t\t                                        <h3 class=\"post-title\"><a href=\"https:\/\/wantedpedo-officiel.com\/mur_video\/video\/au-coeur-de-la-republique-lenfance-en-danger\/\">Placements abusifs | Au c\u0153ur de la r\u00e9publique, l&#8217;enfance en danger<\/a><\/h3>\t\t\t\t\t\t\t\t\t\t\t\t\r\n\t\t\t<div class=\"meta\"><span class=\"date\">6 ans ago<\/span><span class=\"views\"><i class=\"fa fa-eye\"><\/i>796<\/span><span class=\"heart\"><i class=\"fa fa-thumbs-up\"><\/i>5<\/span>\r\n\t\t\t\t\t<span class=\"fcomments\"><i class=\"fa fa-comments\"><\/i>0<\/span>\r\n\t\t\t\t\r\n\t\t\t<\/div>\r\n\t\t\t\t\t\t\t\t\t\t\t\t\t<\/div>\r\n\t\t\t\t\t\t\t\t\t\t<\/article>\t\r\n                                     <\/div> \r\n\t\t\t                    \t\t                       \t\t\r\n\t\t                       \t\t<div id=\"video-main-mars-mainvideo-widgets-REPLACE_TO_ID-3168\" class=\"col-xl-3 col-lg-3 col-md-6 col-12 item responsive-height video-3168\">\r\n\r\n\t\t                       \t\t\t<article class=\"post-3168 video type-video status-publish format-standard has-post-thumbnail hentry categories-interviews categories-wanted-pedo-repond video_tag-entretien video_tag-gilets-jaunes-constituants video_tag-wanted-pedo video_tag-wilson\">\r\n\r\n\t\t\t                                <div class=\"item-img\">\r\n\t\t\t                                \t<img loading=\"lazy\" decoding=\"async\" width=\"263\" height=\"197\" src=\"https:\/\/wantedpedo-officiel.com\/mur_video\/wp-content\/uploads\/2021\/03\/live-wanted-pedo-et-les-gilets-j.jpg\" class=\"img-responsive wp-post-image\" alt=\"\" \/>\t\t\t\t\t\t\t\t\t\t\t\t<a href=\"https:\/\/wantedpedo-officiel.com\/mur_video\/video\/live-wanted-pedo-et-les-gilets-jaunes-constituants-avril-2020\/\"><div class=\"img-hover\"><\/div><\/a>\r\n\t\t\t\t\t\t\t\t\t\t\t<\/div>\r\n\r\n\t\t\t\t\t\t\t\t\t\t\t<div class=\"post-header\">\r\n\t\t                                        <h3 class=\"post-title\"><a href=\"https:\/\/wantedpedo-officiel.com\/mur_video\/video\/live-wanted-pedo-et-les-gilets-jaunes-constituants-avril-2020\/\">Live | Wanted Pedo et les Gilets Jaunes Constituants | Avril 2020<\/a><\/h3>\t\t\t\t\t\t\t\t\t\t\t\t\r\n\t\t\t<div class=\"meta\"><span class=\"date\">6 ans ago<\/span><span class=\"views\"><i class=\"fa fa-eye\"><\/i>1,523<\/span><span class=\"heart\"><i class=\"fa fa-thumbs-up\"><\/i>19<\/span>\r\n\t\t\t\t\t<span class=\"fcomments\"><i class=\"fa fa-comments\"><\/i>0<\/span>\r\n\t\t\t\t\r\n\t\t\t<\/div>\r\n\t\t\t\t\t\t\t\t\t\t\t\t\t<\/div>\r\n\t\t\t\t\t\t\t\t\t\t<\/article>\t\r\n                                     <\/div> \r\n\t\t\t                    \t\t                       \t\t\r\n\t\t                       \t\t<div id=\"video-main-mars-mainvideo-widgets-REPLACE_TO_ID-3142\" class=\"col-xl-3 col-lg-3 col-md-6 col-12 item responsive-height video-3142\">\r\n\r\n\t\t                       \t\t\t<article class=\"post-3142 video type-video status-publish format-standard has-post-thumbnail hentry categories-documentaires categories-interviews categories-wanted-pedo-repond video_tag-corruption video_tag-franc-maconnerie video_tag-injustice video_tag-interview video_tag-maxime-montaut video_tag-pedocriminalite video_tag-tgignews video_tag-youtube\">\r\n\r\n\t\t\t                                <div class=\"item-img\">\r\n\t\t\t                                \t<img loading=\"lazy\" decoding=\"async\" width=\"295\" height=\"166\" src=\"https:\/\/wantedpedo-officiel.com\/mur_video\/wp-content\/uploads\/2021\/03\/wanted-pedo-la-realite-du-terrai.jpg\" class=\"img-responsive wp-post-image\" alt=\"\" \/>\t\t\t\t\t\t\t\t\t\t\t\t<a href=\"https:\/\/wantedpedo-officiel.com\/mur_video\/video\/wanted-pedo-la-realite-du-terrain-interview-de-maxime-montaut-sur-tgignews\/\"><div class=\"img-hover\"><\/div><\/a>\r\n\t\t\t\t\t\t\t\t\t\t\t<\/div>\r\n\r\n\t\t\t\t\t\t\t\t\t\t\t<div class=\"post-header\">\r\n\t\t                                        <h3 class=\"post-title\"><a href=\"https:\/\/wantedpedo-officiel.com\/mur_video\/video\/wanted-pedo-la-realite-du-terrain-interview-de-maxime-montaut-sur-tgignews\/\">TGIGNews | Wanted Pedo : La r\u00e9alit\u00e9 du terrain, interview de Maxime<\/a><\/h3>\t\t\t\t\t\t\t\t\t\t\t\t\r\n\t\t\t<div class=\"meta\"><span class=\"date\">6 ans ago<\/span><span class=\"views\"><i class=\"fa fa-eye\"><\/i>1,450<\/span><span class=\"heart\"><i class=\"fa fa-thumbs-up\"><\/i>8<\/span>\r\n\t\t\t\t\t<span class=\"fcomments\"><i class=\"fa fa-comments\"><\/i>0<\/span>\r\n\t\t\t\t\r\n\t\t\t<\/div>\r\n\t\t\t\t\t\t\t\t\t\t\t\t\t<\/div>\r\n\t\t\t\t\t\t\t\t\t\t<\/article>\t\r\n                                     <\/div> \r\n\t\t\t                    \t\t                       \t\t\r\n\t\t                       \t\t<div id=\"video-main-mars-mainvideo-widgets-REPLACE_TO_ID-1042743\" class=\"col-xl-3 col-lg-3 col-md-6 col-12 item responsive-height video-1042743\">\r\n\r\n\t\t                       \t\t\t<article class=\"post-1042743 video type-video status-publish format-standard has-post-thumbnail hentry categories-interviews categories-reseaux-pedocriminels video_tag-www-legarcon-net\">\r\n\r\n\t\t\t                                <div class=\"item-img\">\r\n\t\t\t                                \t<img loading=\"lazy\" decoding=\"async\" width=\"295\" height=\"170\" src=\"https:\/\/wantedpedo-officiel.com\/mur_video\/wp-content\/uploads\/2026\/03\/Vente-enfants-garcon.net-2010.png\" class=\"img-responsive wp-post-image\" alt=\"\" \/>\t\t\t\t\t\t\t\t\t\t\t\t<a href=\"https:\/\/wantedpedo-officiel.com\/mur_video\/video\/interview-de-maxime-montaut-sur-le-forum-pedocriminel-legarcon-net\/\"><div class=\"img-hover\"><\/div><\/a>\r\n\t\t\t\t\t\t\t\t\t\t\t<\/div>\r\n\r\n\t\t\t\t\t\t\t\t\t\t\t<div class=\"post-header\">\r\n\t\t                                        <h3 class=\"post-title\"><a href=\"https:\/\/wantedpedo-officiel.com\/mur_video\/video\/interview-de-maxime-montaut-sur-le-forum-pedocriminel-legarcon-net\/\">Interview de Maxime Montaut sur le forum p\u00e9docriminel &#8220;legarcon.net&#8221;<\/a><\/h3>\t\t\t\t\t\t\t\t\t\t\t\t\r\n\t\t\t<div class=\"meta\"><span class=\"date\">6 ans ago<\/span><span class=\"views\"><i class=\"fa fa-eye\"><\/i>205<\/span><span class=\"heart\"><i class=\"fa fa-thumbs-up\"><\/i>0<\/span>\r\n\t\t\t\t\t<span class=\"fcomments\"><i class=\"fa fa-comments\"><\/i>0<\/span>\r\n\t\t\t\t\r\n\t\t\t<\/div>\r\n\t\t\t\t\t\t\t\t\t\t\t\t\t<\/div>\r\n\t\t\t\t\t\t\t\t\t\t<\/article>\t\r\n                                     <\/div> \r\n\t\t\t                    \t\t                       \t\t\r\n\t\t                       \t\t<div id=\"video-main-mars-mainvideo-widgets-REPLACE_TO_ID-3098\" class=\"col-xl-3 col-lg-3 col-md-6 col-12 item responsive-height video-3098\">\r\n\r\n\t\t                       \t\t\t<article class=\"post-3098 video type-video status-publish format-standard has-post-thumbnail hentry categories-documentaires categories-interviews categories-temoignages video_tag-ancienne-victime video_tag-documentaire video_tag-jessika video_tag-michele-bourgeot video_tag-temoignages video_tag-viol-sur-mineur\">\r\n\r\n\t\t\t                                <div class=\"item-img\">\r\n\t\t\t                                \t<img loading=\"lazy\" decoding=\"async\" width=\"192\" height=\"197\" src=\"https:\/\/wantedpedo-officiel.com\/mur_video\/wp-content\/uploads\/2020\/03\/une_affaire_de_famille.jpg\" class=\"img-responsive wp-post-image\" alt=\"\" \/>\t\t\t\t\t\t\t\t\t\t\t\t<a href=\"https:\/\/wantedpedo-officiel.com\/mur_video\/video\/une-affaire-de-famille-de-michele-bourgeot-documentaire\/\"><div class=\"img-hover\"><\/div><\/a>\r\n\t\t\t\t\t\t\t\t\t\t\t<\/div>\r\n\r\n\t\t\t\t\t\t\t\t\t\t\t<div class=\"post-header\">\r\n\t\t                                        <h3 class=\"post-title\"><a href=\"https:\/\/wantedpedo-officiel.com\/mur_video\/video\/une-affaire-de-famille-de-michele-bourgeot-documentaire\/\">Une affaire de Famille, de Mich\u00e8le Bourgeot | Documentaire<\/a><\/h3>\t\t\t\t\t\t\t\t\t\t\t\t\r\n\t\t\t<div class=\"meta\"><span class=\"date\">6 ans ago<\/span><span class=\"views\"><i class=\"fa fa-eye\"><\/i>1,001<\/span><span class=\"heart\"><i class=\"fa fa-thumbs-up\"><\/i>2<\/span>\r\n\t\t\t\t\t<span class=\"fcomments\"><i class=\"fa fa-comments\"><\/i>0<\/span>\r\n\t\t\t\t\r\n\t\t\t<\/div>\r\n\t\t\t\t\t\t\t\t\t\t\t\t\t<\/div>\r\n\t\t\t\t\t\t\t\t\t\t<\/article>\t\r\n                                     <\/div> \r\n\t\t\t                    \t\t                       \t\t\r\n\t\t                       \t\t<div id=\"video-main-mars-mainvideo-widgets-REPLACE_TO_ID-3062\" class=\"col-xl-3 col-lg-3 col-md-6 col-12 item responsive-height video-3062\">\r\n\r\n\t\t                       \t\t\t<article class=\"post-3062 video type-video status-publish format-standard has-post-thumbnail hentry categories-interviews categories-temoignages video_tag-ecrivain video_tag-inceste video_tag-injustice video_tag-loi-des-peres video_tag-patric-jean video_tag-sap video_tag-temoignage\">\r\n\r\n\t\t\t                                <div class=\"item-img\">\r\n\t\t\t                                \t<img loading=\"lazy\" decoding=\"async\" width=\"198\" height=\"197\" src=\"https:\/\/wantedpedo-officiel.com\/mur_video\/wp-content\/uploads\/2020\/02\/patrick_jean.jpg\" class=\"img-responsive wp-post-image\" alt=\"\" \/>\t\t\t\t\t\t\t\t\t\t\t\t<a href=\"https:\/\/wantedpedo-officiel.com\/mur_video\/video\/pedocriminalite-circulez-il-ny-a-rien-a-voir\/\"><div class=\"img-hover\"><\/div><\/a>\r\n\t\t\t\t\t\t\t\t\t\t\t<\/div>\r\n\r\n\t\t\t\t\t\t\t\t\t\t\t<div class=\"post-header\">\r\n\t\t                                        <h3 class=\"post-title\"><a href=\"https:\/\/wantedpedo-officiel.com\/mur_video\/video\/pedocriminalite-circulez-il-ny-a-rien-a-voir\/\">P\u00e9docriminalit\u00e9 : &#8220;Circulez, il n&#8217;y a rien \u00e0 voir&#8221;<\/a><\/h3>\t\t\t\t\t\t\t\t\t\t\t\t\r\n\t\t\t<div class=\"meta\"><span class=\"date\">6 ans ago<\/span><span class=\"views\"><i class=\"fa fa-eye\"><\/i>1,318<\/span><span class=\"heart\"><i class=\"fa fa-thumbs-up\"><\/i>4<\/span>\r\n\t\t\t\t\t<span class=\"fcomments\"><i class=\"fa fa-comments\"><\/i>1<\/span>\r\n\t\t\t\t\r\n\t\t\t<\/div>\r\n\t\t\t\t\t\t\t\t\t\t\t\t\t<\/div>\r\n\t\t\t\t\t\t\t\t\t\t<\/article>\t\r\n                                     <\/div> \r\n\t\t\t                    \t\t                       \t\t\r\n\t\t                       \t\t<div id=\"video-main-mars-mainvideo-widgets-REPLACE_TO_ID-3028\" class=\"col-xl-3 col-lg-3 col-md-6 col-12 item responsive-height video-3028\">\r\n\r\n\t\t                       \t\t\t<article class=\"post-3028 video type-video status-publish format-standard has-post-thumbnail hentry categories-conferences categories-interviews categories-prevention categories-wanted-pedo-repond video_tag-conference video_tag-interview video_tag-lelly-gijabet video_tag-maxime-montaut video_tag-wanted-pedo\">\r\n\r\n\t\t\t                                <div class=\"item-img\">\r\n\t\t\t                                \t<img loading=\"lazy\" decoding=\"async\" width=\"295\" height=\"166\" src=\"https:\/\/wantedpedo-officiel.com\/mur_video\/wp-content\/uploads\/2021\/03\/live-choc-wanted-pedo-avec-lelly.jpg\" class=\"img-responsive wp-post-image\" alt=\"\" \/>\t\t\t\t\t\t\t\t\t\t\t\t<a href=\"https:\/\/wantedpedo-officiel.com\/mur_video\/video\/live-choc-wanted-pedo-avec-lelly-gijabet\/\"><div class=\"img-hover\"><\/div><\/a>\r\n\t\t\t\t\t\t\t\t\t\t\t<\/div>\r\n\r\n\t\t\t\t\t\t\t\t\t\t\t<div class=\"post-header\">\r\n\t\t                                        <h3 class=\"post-title\"><a href=\"https:\/\/wantedpedo-officiel.com\/mur_video\/video\/live-choc-wanted-pedo-avec-lelly-gijabet\/\">Live Choc | Wanted Pedo avec Lelly Gijabet<\/a><\/h3>\t\t\t\t\t\t\t\t\t\t\t\t\r\n\t\t\t<div class=\"meta\"><span class=\"date\">6 ans ago<\/span><span class=\"views\"><i class=\"fa fa-eye\"><\/i>4,299<\/span><span class=\"heart\"><i class=\"fa fa-thumbs-up\"><\/i>52<\/span>\r\n\t\t\t\t\t<span class=\"fcomments\"><i class=\"fa fa-comments\"><\/i>2<\/span>\r\n\t\t\t\t\r\n\t\t\t<\/div>\r\n\t\t\t\t\t\t\t\t\t\t\t\t\t<\/div>\r\n\t\t\t\t\t\t\t\t\t\t<\/article>\t\r\n                                     <\/div> \r\n\t\t\t                    \t\t                       \t\t\r\n\t\t                       \t\t<div id=\"video-main-mars-mainvideo-widgets-REPLACE_TO_ID-3013\" class=\"col-xl-3 col-lg-3 col-md-6 col-12 item responsive-height video-3013\">\r\n\r\n\t\t                       \t\t\t<article class=\"post-3013 video type-video status-publish format-standard has-post-thumbnail hentry categories-interviews categories-pedocriminels video_tag-denise-bombardier video_tag-gabriel-matzneff video_tag-pedocriminel video_tag-propagande-pedophile\">\r\n\r\n\t\t\t                                <div class=\"item-img\">\r\n\t\t\t                                \t<img loading=\"lazy\" decoding=\"async\" width=\"227\" height=\"197\" src=\"https:\/\/wantedpedo-officiel.com\/mur_video\/wp-content\/uploads\/2019\/12\/matzneff_pedo.jpg\" class=\"img-responsive wp-post-image\" alt=\"\" \/>\t\t\t\t\t\t\t\t\t\t\t\t<a href=\"https:\/\/wantedpedo-officiel.com\/mur_video\/video\/denise-bombardier-sinsurge-contre-le-pedocriminel-gabriel-matzneff\/\"><div class=\"img-hover\"><\/div><\/a>\r\n\t\t\t\t\t\t\t\t\t\t\t<\/div>\r\n\r\n\t\t\t\t\t\t\t\t\t\t\t<div class=\"post-header\">\r\n\t\t                                        <h3 class=\"post-title\"><a href=\"https:\/\/wantedpedo-officiel.com\/mur_video\/video\/denise-bombardier-sinsurge-contre-le-pedocriminel-gabriel-matzneff\/\">Denise Bombardier s&#8217;insurge contre le p\u00e9docriminel Gabriel Matzneff<\/a><\/h3>\t\t\t\t\t\t\t\t\t\t\t\t\r\n\t\t\t<div class=\"meta\"><span class=\"date\">6 ans ago<\/span><span class=\"views\"><i class=\"fa fa-eye\"><\/i>630<\/span><span class=\"heart\"><i class=\"fa fa-thumbs-up\"><\/i>1<\/span>\r\n\t\t\t\t\t<span class=\"fcomments\"><i class=\"fa fa-comments\"><\/i>0<\/span>\r\n\t\t\t\t\r\n\t\t\t<\/div>\r\n\t\t\t\t\t\t\t\t\t\t\t\t\t<\/div>\r\n\t\t\t\t\t\t\t\t\t\t<\/article>\t\r\n                                     <\/div> \r\n\t\t\t                    \t\t                       \t\t\r\n\t\t                       \t\t<div id=\"video-main-mars-mainvideo-widgets-REPLACE_TO_ID-2927\" class=\"col-xl-3 col-lg-3 col-md-6 col-12 item responsive-height video-2927\">\r\n\r\n\t\t                       \t\t\t<article class=\"post-2927 video type-video status-publish format-standard has-post-thumbnail hentry categories-abus-rituels categories-interviews categories-reseaux-pedocriminels categories-temoignages video_tag-affaire-amidlisa video_tag-interview video_tag-jack-maillard video_tag-meurtre-rituel video_tag-pedocriminalite video_tag-reseau-pedocriminel video_tag-reseaux-pedocriminel video_tag-viols-denfants\">\r\n\r\n\t\t\t                                <div class=\"item-img\">\r\n\t\t\t                                \t<img loading=\"lazy\" decoding=\"async\" width=\"295\" height=\"167\" src=\"https:\/\/wantedpedo-officiel.com\/mur_video\/wp-content\/uploads\/2019\/10\/amidlisa_jack_brigitte.jpg\" class=\"img-responsive wp-post-image\" alt=\"\" \/>\t\t\t\t\t\t\t\t\t\t\t\t<a href=\"https:\/\/wantedpedo-officiel.com\/mur_video\/video\/affaire-amidlisa-le-scandale-des-reseaux-pedophiles-en-france-5-5-meta-tv\/\"><div class=\"img-hover\"><\/div><\/a>\r\n\t\t\t\t\t\t\t\t\t\t\t<\/div>\r\n\r\n\t\t\t\t\t\t\t\t\t\t\t<div class=\"post-header\">\r\n\t\t                                        <h3 class=\"post-title\"><a href=\"https:\/\/wantedpedo-officiel.com\/mur_video\/video\/affaire-amidlisa-le-scandale-des-reseaux-pedophiles-en-france-5-5-meta-tv\/\">Affaire Amidlisa | le scandale des r\u00e9seaux p\u00e9dophiles en France [5-5] | Meta TV<\/a><\/h3>\t\t\t\t\t\t\t\t\t\t\t\t\r\n\t\t\t<div class=\"meta\"><span class=\"date\">7 ans ago<\/span><span class=\"views\"><i class=\"fa fa-eye\"><\/i>1,219<\/span><span class=\"heart\"><i class=\"fa fa-thumbs-up\"><\/i>3<\/span>\r\n\t\t\t\t\t<span class=\"fcomments\"><i class=\"fa fa-comments\"><\/i>0<\/span>\r\n\t\t\t\t\r\n\t\t\t<\/div>\r\n\t\t\t\t\t\t\t\t\t\t\t\t\t<\/div>\r\n\t\t\t\t\t\t\t\t\t\t<\/article>\t\r\n                                     <\/div> \r\n\t\t\t                    \t\t                       \t\t\r\n\t\t                       \t\t<div id=\"video-main-mars-mainvideo-widgets-REPLACE_TO_ID-2926\" class=\"col-xl-3 col-lg-3 col-md-6 col-12 item responsive-height video-2926\">\r\n\r\n\t\t                       \t\t\t<article class=\"post-2926 video type-video status-publish format-standard has-post-thumbnail hentry categories-interviews categories-reseaux-pedocriminels categories-temoignages video_tag-affaire-amidlisa video_tag-interview video_tag-jack-maillard video_tag-meurtre-rituel video_tag-pedocriminalite video_tag-reseau-pedocriminel video_tag-reseaux-pedocriminel video_tag-temoignage video_tag-viols-denfants\">\r\n\r\n\t\t\t                                <div class=\"item-img\">\r\n\t\t\t                                \t<img loading=\"lazy\" decoding=\"async\" width=\"295\" height=\"167\" src=\"https:\/\/wantedpedo-officiel.com\/mur_video\/wp-content\/uploads\/2019\/10\/amidlisa_jack_brigitte.jpg\" class=\"img-responsive wp-post-image\" alt=\"\" \/>\t\t\t\t\t\t\t\t\t\t\t\t<a href=\"https:\/\/wantedpedo-officiel.com\/mur_video\/video\/affaire-amidlisa-le-scandale-des-reseaux-pedophiles-en-france-4-5-meta-tv\/\"><div class=\"img-hover\"><\/div><\/a>\r\n\t\t\t\t\t\t\t\t\t\t\t<\/div>\r\n\r\n\t\t\t\t\t\t\t\t\t\t\t<div class=\"post-header\">\r\n\t\t                                        <h3 class=\"post-title\"><a href=\"https:\/\/wantedpedo-officiel.com\/mur_video\/video\/affaire-amidlisa-le-scandale-des-reseaux-pedophiles-en-france-4-5-meta-tv\/\">Affaire Amidlisa | le scandale des r\u00e9seaux p\u00e9dophiles en France [4-5] | Meta TV<\/a><\/h3>\t\t\t\t\t\t\t\t\t\t\t\t\r\n\t\t\t<div class=\"meta\"><span class=\"date\">7 ans ago<\/span><span class=\"views\"><i class=\"fa fa-eye\"><\/i>1,053<\/span><span class=\"heart\"><i class=\"fa fa-thumbs-up\"><\/i>4<\/span>\r\n\t\t\t\t\t<span class=\"fcomments\"><i class=\"fa fa-comments\"><\/i>0<\/span>\r\n\t\t\t\t\r\n\t\t\t<\/div>\r\n\t\t\t\t\t\t\t\t\t\t\t\t\t<\/div>\r\n\t\t\t\t\t\t\t\t\t\t<\/article>\t\r\n                                     <\/div> \r\n\t\t\t                    \t\t                       \t\t\r\n\t\t                       \t\t<div id=\"video-main-mars-mainvideo-widgets-REPLACE_TO_ID-2925\" class=\"col-xl-3 col-lg-3 col-md-6 col-12 item responsive-height video-2925\">\r\n\r\n\t\t                       \t\t\t<article class=\"post-2925 video type-video status-publish format-standard has-post-thumbnail hentry categories-abus-rituels categories-interviews categories-reseaux-pedocriminels categories-temoignages video_tag-affaire-amidlisa video_tag-interview video_tag-jack-maillard video_tag-meurtre-rituel video_tag-pedocriminalite video_tag-reseau-pedocriminel video_tag-reseaux-pedocriminel video_tag-viols-denfants\">\r\n\r\n\t\t\t                                <div class=\"item-img\">\r\n\t\t\t                                \t<img loading=\"lazy\" decoding=\"async\" width=\"295\" height=\"167\" src=\"https:\/\/wantedpedo-officiel.com\/mur_video\/wp-content\/uploads\/2019\/10\/amidlisa_jack_brigitte.jpg\" class=\"img-responsive wp-post-image\" alt=\"\" \/>\t\t\t\t\t\t\t\t\t\t\t\t<a href=\"https:\/\/wantedpedo-officiel.com\/mur_video\/video\/affaire-amidlisa-le-scandale-des-reseaux-pedophiles-en-france-3-5-meta-tv\/\"><div class=\"img-hover\"><\/div><\/a>\r\n\t\t\t\t\t\t\t\t\t\t\t<\/div>\r\n\r\n\t\t\t\t\t\t\t\t\t\t\t<div class=\"post-header\">\r\n\t\t                                        <h3 class=\"post-title\"><a href=\"https:\/\/wantedpedo-officiel.com\/mur_video\/video\/affaire-amidlisa-le-scandale-des-reseaux-pedophiles-en-france-3-5-meta-tv\/\">Affaire Amidlisa | le scandale des r\u00e9seaux p\u00e9dophiles en France [3-5] | Meta TV<\/a><\/h3>\t\t\t\t\t\t\t\t\t\t\t\t\r\n\t\t\t<div class=\"meta\"><span class=\"date\">7 ans ago<\/span><span class=\"views\"><i class=\"fa fa-eye\"><\/i>1,745<\/span><span class=\"heart\"><i class=\"fa fa-thumbs-up\"><\/i>7<\/span>\r\n\t\t\t\t\t<span class=\"fcomments\"><i class=\"fa fa-comments\"><\/i>0<\/span>\r\n\t\t\t\t\r\n\t\t\t<\/div>\r\n\t\t\t\t\t\t\t\t\t\t\t\t\t<\/div>\r\n\t\t\t\t\t\t\t\t\t\t<\/article>\t\r\n                                     <\/div> \r\n\t\t\t                    \t\t                       \t\t\r\n\t\t                       \t\t<div id=\"video-main-mars-mainvideo-widgets-REPLACE_TO_ID-2924\" class=\"col-xl-3 col-lg-3 col-md-6 col-12 item responsive-height video-2924\">\r\n\r\n\t\t                       \t\t\t<article class=\"post-2924 video type-video status-publish format-standard has-post-thumbnail hentry categories-interviews categories-reseaux-pedocriminels categories-temoignages video_tag-affaire-amidlisa video_tag-interview video_tag-meta-tv video_tag-meurtre-rituel video_tag-pedocriminalite video_tag-reseau-pedocriminel video_tag-reseaux-pedocriminel video_tag-temoignages\">\r\n\r\n\t\t\t                                <div class=\"item-img\">\r\n\t\t\t                                \t<img loading=\"lazy\" decoding=\"async\" width=\"295\" height=\"167\" src=\"https:\/\/wantedpedo-officiel.com\/mur_video\/wp-content\/uploads\/2019\/10\/amidlisa_jack_brigitte.jpg\" class=\"img-responsive wp-post-image\" alt=\"\" \/>\t\t\t\t\t\t\t\t\t\t\t\t<a href=\"https:\/\/wantedpedo-officiel.com\/mur_video\/video\/affaire-amidlisa-le-scandale-des-reseaux-pedophiles-en-france-2-5-meta-tv\/\"><div class=\"img-hover\"><\/div><\/a>\r\n\t\t\t\t\t\t\t\t\t\t\t<\/div>\r\n\r\n\t\t\t\t\t\t\t\t\t\t\t<div class=\"post-header\">\r\n\t\t                                        <h3 class=\"post-title\"><a href=\"https:\/\/wantedpedo-officiel.com\/mur_video\/video\/affaire-amidlisa-le-scandale-des-reseaux-pedophiles-en-france-2-5-meta-tv\/\">Affaire Amidlisa | le scandale des r\u00e9seaux p\u00e9dophiles en France [2-5] | Meta TV<\/a><\/h3>\t\t\t\t\t\t\t\t\t\t\t\t\r\n\t\t\t<div class=\"meta\"><span class=\"date\">7 ans ago<\/span><span class=\"views\"><i class=\"fa fa-eye\"><\/i>800<\/span><span class=\"heart\"><i class=\"fa fa-thumbs-up\"><\/i>2<\/span>\r\n\t\t\t\t\t<span class=\"fcomments\"><i class=\"fa fa-comments\"><\/i>0<\/span>\r\n\t\t\t\t\r\n\t\t\t<\/div>\r\n\t\t\t\t\t\t\t\t\t\t\t\t\t<\/div>\r\n\t\t\t\t\t\t\t\t\t\t<\/article>\t\r\n                                     <\/div> \r\n\t\t\t                    \t\t                       \t\t\r\n\t\t                       \t\t<div id=\"video-main-mars-mainvideo-widgets-REPLACE_TO_ID-2922\" class=\"col-xl-3 col-lg-3 col-md-6 col-12 item responsive-height video-2922\">\r\n\r\n\t\t                       \t\t\t<article class=\"post-2922 video type-video status-publish format-standard has-post-thumbnail hentry categories-interviews categories-reseaux-pedocriminels categories-temoignages video_tag-83-var video_tag-affaire-amidlisa video_tag-interview video_tag-meta-tv video_tag-meurtre-rituel video_tag-pedocriminalite video_tag-reseau-pedocriminel video_tag-reseaux-pedocriminel\">\r\n\r\n\t\t\t                                <div class=\"item-img\">\r\n\t\t\t                                \t<img loading=\"lazy\" decoding=\"async\" width=\"295\" height=\"167\" src=\"https:\/\/wantedpedo-officiel.com\/mur_video\/wp-content\/uploads\/2019\/10\/amidlisa_jack_brigitte.jpg\" class=\"img-responsive wp-post-image\" alt=\"\" \/>\t\t\t\t\t\t\t\t\t\t\t\t<a href=\"https:\/\/wantedpedo-officiel.com\/mur_video\/video\/affaire-amidlisa-le-scandale-des-reseaux-pedophiles-en-france-1-5-meta-tv\/\"><div class=\"img-hover\"><\/div><\/a>\r\n\t\t\t\t\t\t\t\t\t\t\t<\/div>\r\n\r\n\t\t\t\t\t\t\t\t\t\t\t<div class=\"post-header\">\r\n\t\t                                        <h3 class=\"post-title\"><a href=\"https:\/\/wantedpedo-officiel.com\/mur_video\/video\/affaire-amidlisa-le-scandale-des-reseaux-pedophiles-en-france-1-5-meta-tv\/\">Affaire Amidlisa | le scandale des r\u00e9seaux p\u00e9dophiles en France [1-5] | Meta TV<\/a><\/h3>\t\t\t\t\t\t\t\t\t\t\t\t\r\n\t\t\t<div class=\"meta\"><span class=\"date\">7 ans ago<\/span><span class=\"views\"><i class=\"fa fa-eye\"><\/i>1,367<\/span><span class=\"heart\"><i class=\"fa fa-thumbs-up\"><\/i>4<\/span>\r\n\t\t\t\t\t<span class=\"fcomments\"><i class=\"fa fa-comments\"><\/i>0<\/span>\r\n\t\t\t\t\r\n\t\t\t<\/div>\r\n\t\t\t\t\t\t\t\t\t\t\t\t\t<\/div>\r\n\t\t\t\t\t\t\t\t\t\t<\/article>\t\r\n                                     <\/div> \r\n\t\t\t                    \t\t                       \t\t\r\n\t\t                       \t\t<div id=\"video-main-mars-mainvideo-widgets-REPLACE_TO_ID-2746\" class=\"col-xl-3 col-lg-3 col-md-6 col-12 item responsive-height video-2746\">\r\n\r\n\t\t                       \t\t\t<article class=\"post-2746 video type-video status-publish format-standard has-post-thumbnail hentry categories-documentaires categories-interviews categories-pedocriminels video_tag-apologie-de-la-pedophilie video_tag-avocat video_tag-thierry-levy\">\r\n\r\n\t\t\t                                <div class=\"item-img\">\r\n\t\t\t                                \t<img loading=\"lazy\" decoding=\"async\" width=\"263\" height=\"197\" src=\"https:\/\/wantedpedo-officiel.com\/mur_video\/wp-content\/uploads\/2021\/03\/thierry-levy-defend-la-pedophili.jpg\" class=\"img-responsive wp-post-image\" alt=\"\" \/>\t\t\t\t\t\t\t\t\t\t\t\t<a href=\"https:\/\/wantedpedo-officiel.com\/mur_video\/video\/thierry-levy-defend-la-pedophilie\/\"><div class=\"img-hover\"><\/div><\/a>\r\n\t\t\t\t\t\t\t\t\t\t\t<\/div>\r\n\r\n\t\t\t\t\t\t\t\t\t\t\t<div class=\"post-header\">\r\n\t\t                                        <h3 class=\"post-title\"><a href=\"https:\/\/wantedpedo-officiel.com\/mur_video\/video\/thierry-levy-defend-la-pedophilie\/\">Thierry Levy, d\u00e9fend la p\u00e9dophilie<\/a><\/h3>\t\t\t\t\t\t\t\t\t\t\t\t\r\n\t\t\t<div class=\"meta\"><span class=\"date\">7 ans ago<\/span><span class=\"views\"><i class=\"fa fa-eye\"><\/i>5,433<\/span><span class=\"heart\"><i class=\"fa fa-thumbs-up\"><\/i>4<\/span>\r\n\t\t\t\t\t<span class=\"fcomments\"><i class=\"fa fa-comments\"><\/i>0<\/span>\r\n\t\t\t\t\r\n\t\t\t<\/div>\r\n\t\t\t\t\t\t\t\t\t\t\t\t\t<\/div>\r\n\t\t\t\t\t\t\t\t\t\t<\/article>\t\r\n                                     <\/div> \r\n\t\t\t                    \t\t                       \t\t\r\n\t\t                       \t\t<div id=\"video-main-mars-mainvideo-widgets-REPLACE_TO_ID-2515\" class=\"col-xl-3 col-lg-3 col-md-6 col-12 item responsive-height video-2515\">\r\n\r\n\t\t                       \t\t\t<article class=\"post-2515 video type-video status-publish format-standard has-post-thumbnail hentry categories-interviews video_tag-gilet-jaune video_tag-les-justes video_tag-manifestation video_tag-micro-trottoir video_tag-olivier video_tag-paris\">\r\n\r\n\t\t\t                                <div class=\"item-img\">\r\n\t\t\t                                \t<img loading=\"lazy\" decoding=\"async\" width=\"221\" height=\"197\" src=\"https:\/\/wantedpedo-officiel.com\/mur_video\/wp-content\/uploads\/2019\/01\/gilet_jaune_olivier01.jpg\" class=\"img-responsive wp-post-image\" alt=\"\" \/>\t\t\t\t\t\t\t\t\t\t\t\t<a href=\"https:\/\/wantedpedo-officiel.com\/mur_video\/video\/les-violeurs-ont-les-met-dehors-et-les-gilets-jaunes-en-prison-paris-acte-ix\/\"><div class=\"img-hover\"><\/div><\/a>\r\n\t\t\t\t\t\t\t\t\t\t\t<\/div>\r\n\r\n\t\t\t\t\t\t\t\t\t\t\t<div class=\"post-header\">\r\n\t\t                                        <h3 class=\"post-title\"><a href=\"https:\/\/wantedpedo-officiel.com\/mur_video\/video\/les-violeurs-ont-les-met-dehors-et-les-gilets-jaunes-en-prison-paris-acte-ix\/\">Interviews | &#8220;Les violeurs ont les met dehors et les gilets jaunes en prison&#8221;<\/a><\/h3>\t\t\t\t\t\t\t\t\t\t\t\t\r\n\t\t\t<div class=\"meta\"><span class=\"date\">7 ans ago<\/span><span class=\"views\"><i class=\"fa fa-eye\"><\/i>1,197<\/span><span class=\"heart\"><i class=\"fa fa-thumbs-up\"><\/i>5<\/span>\r\n\t\t\t\t\t<span class=\"fcomments\"><i class=\"fa fa-comments\"><\/i>0<\/span>\r\n\t\t\t\t\r\n\t\t\t<\/div>\r\n\t\t\t\t\t\t\t\t\t\t\t\t\t<\/div>\r\n\t\t\t\t\t\t\t\t\t\t<\/article>\t\r\n                                     <\/div> \r\n\t\t\t                    \t\t                       \t\t\r\n\t\t                       \t\t<div id=\"video-main-mars-mainvideo-widgets-REPLACE_TO_ID-2169\" class=\"col-xl-3 col-lg-3 col-md-6 col-12 item responsive-height video-2169\">\r\n\r\n\t\t                       \t\t\t<article class=\"post-2169 video type-video status-publish format-standard has-post-thumbnail hentry categories-interviews categories-manifestation categories-wanted-pedo-repond video_tag-france-info video_tag-gilets-jaunes video_tag-interview video_tag-paris video_tag-wanted-pedo\">\r\n\r\n\t\t\t                                <div class=\"item-img\">\r\n\t\t\t                                \t<img loading=\"lazy\" decoding=\"async\" width=\"295\" height=\"166\" src=\"https:\/\/wantedpedo-officiel.com\/mur_video\/wp-content\/uploads\/2019\/01\/wanted_pedo_france_info_gj_2018.jpg\" class=\"img-responsive wp-post-image\" alt=\"\" \/>\t\t\t\t\t\t\t\t\t\t\t\t<a href=\"https:\/\/wantedpedo-officiel.com\/mur_video\/video\/wanted-pedo-interview-de-maxime-montaut-par-france-info-rassemblement-de-gilets-jaunes-paris-2018\/\"><div class=\"img-hover\"><\/div><\/a>\r\n\t\t\t\t\t\t\t\t\t\t\t<\/div>\r\n\r\n\t\t\t\t\t\t\t\t\t\t\t<div class=\"post-header\">\r\n\t\t                                        <h3 class=\"post-title\"><a href=\"https:\/\/wantedpedo-officiel.com\/mur_video\/video\/wanted-pedo-interview-de-maxime-montaut-par-france-info-rassemblement-de-gilets-jaunes-paris-2018\/\">Wanted Pedo | Interview de Maxime Montaut par France-Info, Rassemblement de gilets jaunes &#8211; Paris 2018<\/a><\/h3>\t\t\t\t\t\t\t\t\t\t\t\t\r\n\t\t\t<div class=\"meta\"><span class=\"date\">7 ans ago<\/span><span class=\"views\"><i class=\"fa fa-eye\"><\/i>3,665<\/span><span class=\"heart\"><i class=\"fa fa-thumbs-up\"><\/i>34<\/span>\r\n\t\t\t\t\t<span class=\"fcomments\"><i class=\"fa fa-comments\"><\/i>1<\/span>\r\n\t\t\t\t\r\n\t\t\t<\/div>\r\n\t\t\t\t\t\t\t\t\t\t\t\t\t<\/div>\r\n\t\t\t\t\t\t\t\t\t\t<\/article>\t\r\n                                     <\/div> \r\n\t\t\t                    \t\t                       \t\t\r\n\t\t                       \t\t<div id=\"video-main-mars-mainvideo-widgets-REPLACE_TO_ID-2101\" class=\"col-xl-3 col-lg-3 col-md-6 col-12 item responsive-height video-2101\">\r\n\r\n\t\t                       \t\t\t<article class=\"post-2101 video type-video status-publish format-standard has-post-thumbnail hentry categories-interviews categories-temoignages video_tag-france video_tag-gilets-jaunes video_tag-manifestation video_tag-mobilisation video_tag-pedocriminalite video_tag-protection-de-lenfance video_tag-rassemblement video_tag-revelation video_tag-temoignage\">\r\n\r\n\t\t\t                                <div class=\"item-img\">\r\n\t\t\t                                \t<img loading=\"lazy\" decoding=\"async\" width=\"155\" height=\"197\" src=\"https:\/\/wantedpedo-officiel.com\/mur_video\/wp-content\/uploads\/2018\/11\/citoyen.png\" class=\"img-responsive wp-post-image\" alt=\"\" \/>\t\t\t\t\t\t\t\t\t\t\t\t<a href=\"https:\/\/wantedpedo-officiel.com\/mur_video\/video\/gilets-jaunes-temoignage-dun-courageux-citoyen\/\"><div class=\"img-hover\"><\/div><\/a>\r\n\t\t\t\t\t\t\t\t\t\t\t<\/div>\r\n\r\n\t\t\t\t\t\t\t\t\t\t\t<div class=\"post-header\">\r\n\t\t                                        <h3 class=\"post-title\"><a href=\"https:\/\/wantedpedo-officiel.com\/mur_video\/video\/gilets-jaunes-temoignage-dun-courageux-citoyen\/\">T\u00e9moignage | Gilet Jaune, Olivier un courageux citoyen<\/a><\/h3>\t\t\t\t\t\t\t\t\t\t\t\t\r\n\t\t\t<div class=\"meta\"><span class=\"date\">7 ans ago<\/span><span class=\"views\"><i class=\"fa fa-eye\"><\/i>1,730<\/span><span class=\"heart\"><i class=\"fa fa-thumbs-up\"><\/i>4<\/span>\r\n\t\t\t\t\t<span class=\"fcomments\"><i class=\"fa fa-comments\"><\/i>0<\/span>\r\n\t\t\t\t\r\n\t\t\t<\/div>\r\n\t\t\t\t\t\t\t\t\t\t\t\t\t<\/div>\r\n\t\t\t\t\t\t\t\t\t\t<\/article>\t\r\n                                     <\/div> \r\n\t\t\t                    \t\t                       \t\t\r\n\t\t                       \t\t<div id=\"video-main-mars-mainvideo-widgets-REPLACE_TO_ID-2088\" class=\"col-xl-3 col-lg-3 col-md-6 col-12 item responsive-height video-2088\">\r\n\r\n\t\t                       \t\t\t<article class=\"post-2088 video type-video status-publish format-standard has-post-thumbnail hentry categories-interviews categories-wanted-pedo-repond video_tag-interview video_tag-journaliste video_tag-m6 video_tag-television video_tag-wanted-pedo\">\r\n\r\n\t\t\t                                <div class=\"item-img\">\r\n\t\t\t                                \t<img loading=\"lazy\" decoding=\"async\" width=\"295\" height=\"166\" src=\"https:\/\/wantedpedo-officiel.com\/mur_video\/wp-content\/uploads\/2018\/10\/wpm6.jpg\" class=\"img-responsive wp-post-image\" alt=\"\" \/>\t\t\t\t\t\t\t\t\t\t\t\t<a href=\"https:\/\/wantedpedo-officiel.com\/mur_video\/video\/wanted-pedo-refuse-les-avances-de-m6\/\"><div class=\"img-hover\"><\/div><\/a>\r\n\t\t\t\t\t\t\t\t\t\t\t<\/div>\r\n\r\n\t\t\t\t\t\t\t\t\t\t\t<div class=\"post-header\">\r\n\t\t                                        <h3 class=\"post-title\"><a href=\"https:\/\/wantedpedo-officiel.com\/mur_video\/video\/wanted-pedo-refuse-les-avances-de-m6\/\">Wanted Pedo refuse les avances de M6<\/a><\/h3>\t\t\t\t\t\t\t\t\t\t\t\t\r\n\t\t\t<div class=\"meta\"><span class=\"date\">8 ans ago<\/span><span class=\"views\"><i class=\"fa fa-eye\"><\/i>3,702<\/span><span class=\"heart\"><i class=\"fa fa-thumbs-up\"><\/i>26<\/span>\r\n\t\t\t\t\t<span class=\"fcomments\"><i class=\"fa fa-comments\"><\/i>0<\/span>\r\n\t\t\t\t\r\n\t\t\t<\/div>\r\n\t\t\t\t\t\t\t\t\t\t\t\t\t<\/div>\r\n\t\t\t\t\t\t\t\t\t\t<\/article>\t\r\n                                     <\/div> \r\n\t\t\t                    \t\t                       \t\t\r\n\t\t                       \t\t<div id=\"video-main-mars-mainvideo-widgets-REPLACE_TO_ID-1982\" class=\"col-xl-3 col-lg-3 col-md-6 col-12 item responsive-height video-1982\">\r\n\r\n\t\t                       \t\t\t<article class=\"post-1982 video type-video status-publish format-standard has-post-thumbnail hentry categories-interviews categories-reseaux-pedocriminels categories-temoignages video_tag-canal-france-algerie-tv video_tag-franc-maconnerie video_tag-france video_tag-pedocriminalite video_tag-placement-abusifs video_tag-protection-de-lenfance video_tag-reseaux-pedocriminel\">\r\n\r\n\t\t\t                                <div class=\"item-img\">\r\n\t\t\t                                \t<img loading=\"lazy\" decoding=\"async\" width=\"295\" height=\"175\" src=\"https:\/\/wantedpedo-officiel.com\/mur_video\/wp-content\/uploads\/2018\/07\/cfatv.jpg\" class=\"img-responsive wp-post-image\" alt=\"\" \/>\t\t\t\t\t\t\t\t\t\t\t\t<a href=\"https:\/\/wantedpedo-officiel.com\/mur_video\/video\/emission-au-coeur-de-la-republique-lenfance-en-danger-canal-france-algerie-tv\/\"><div class=\"img-hover\"><\/div><\/a>\r\n\t\t\t\t\t\t\t\t\t\t\t<\/div>\r\n\r\n\t\t\t\t\t\t\t\t\t\t\t<div class=\"post-header\">\r\n\t\t                                        <h3 class=\"post-title\"><a href=\"https:\/\/wantedpedo-officiel.com\/mur_video\/video\/emission-au-coeur-de-la-republique-lenfance-en-danger-canal-france-algerie-tv\/\">\u00c9mission | Au c\u0153ur de la r\u00e9publique,  l&#8217;enfance en danger &#8211; Canal France Algerie TV<\/a><\/h3>\t\t\t\t\t\t\t\t\t\t\t\t\r\n\t\t\t<div class=\"meta\"><span class=\"date\">8 ans ago<\/span><span class=\"views\"><i class=\"fa fa-eye\"><\/i>2,471<\/span><span class=\"heart\"><i class=\"fa fa-thumbs-up\"><\/i>4<\/span>\r\n\t\t\t\t\t<span class=\"fcomments\"><i class=\"fa fa-comments\"><\/i>0<\/span>\r\n\t\t\t\t\r\n\t\t\t<\/div>\r\n\t\t\t\t\t\t\t\t\t\t\t\t\t<\/div>\r\n\t\t\t\t\t\t\t\t\t\t<\/article>\t\r\n                                     <\/div> \r\n\t\t\t                    \t\t                       \t\t\r\n\t\t                       \t\t<div id=\"video-main-mars-mainvideo-widgets-REPLACE_TO_ID-1872\" class=\"col-xl-3 col-lg-3 col-md-6 col-12 item responsive-height video-1872\">\r\n\r\n\t\t                       \t\t\t<article class=\"post-1872 video type-video status-publish format-standard has-post-thumbnail hentry categories-interviews categories-temoignages video_tag-agressions-sexuelles-sur-mineur video_tag-insoumission video_tag-martinique video_tag-melun video_tag-paris video_tag-reseau-pedocriminel video_tag-resistance video_tag-victoire\">\r\n\r\n\t\t\t                                <div class=\"item-img\">\r\n\t\t\t                                \t<img loading=\"lazy\" decoding=\"async\" width=\"295\" height=\"166\" src=\"https:\/\/wantedpedo-officiel.com\/mur_video\/wp-content\/uploads\/2018\/05\/capture_decran_2018-04-12_18.27.42-734881.png\" class=\"img-responsive wp-post-image\" alt=\"\" \/>\t\t\t\t\t\t\t\t\t\t\t\t<a href=\"https:\/\/wantedpedo-officiel.com\/mur_video\/video\/affaire-martinique-victoire-delodie-qui-recupere-la-garde-de-sa-fille-les-propos-de-lenfant-qui-accuse-son-pere-de-pedophilie-sont-confirmes-par-des-expertises-mais-le-pere-a-et\/\"><div class=\"img-hover\"><\/div><\/a>\r\n\t\t\t\t\t\t\t\t\t\t\t<\/div>\r\n\r\n\t\t\t\t\t\t\t\t\t\t\t<div class=\"post-header\">\r\n\t\t                                        <h3 class=\"post-title\"><a href=\"https:\/\/wantedpedo-officiel.com\/mur_video\/video\/affaire-martinique-victoire-delodie-qui-recupere-la-garde-de-sa-fille-les-propos-de-lenfant-qui-accuse-son-pere-de-pedophilie-sont-confirmes-par-des-expertises-mais-le-pere-a-et\/\">Affaire Martinique | Victoire d\u2019Elodie, qui r\u00e9cup\u00e8re la garde de sa fille.<\/a><\/h3>\t\t\t\t\t\t\t\t\t\t\t\t\r\n\t\t\t<div class=\"meta\"><span class=\"date\">8 ans ago<\/span><span class=\"views\"><i class=\"fa fa-eye\"><\/i>2,245<\/span><span class=\"heart\"><i class=\"fa fa-thumbs-up\"><\/i>3<\/span>\r\n\t\t\t\t\t<span class=\"fcomments\"><i class=\"fa fa-comments\"><\/i>0<\/span>\r\n\t\t\t\t\r\n\t\t\t<\/div>\r\n\t\t\t\t\t\t\t\t\t\t\t\t\t<\/div>\r\n\t\t\t\t\t\t\t\t\t\t<\/article>\t\r\n                                     <\/div> \r\n\t\t\t                    \t\t                       \t\t\r\n\t\t                       \t\t<div id=\"video-main-mars-mainvideo-widgets-REPLACE_TO_ID-1855\" class=\"col-xl-3 col-lg-3 col-md-6 col-12 item responsive-height video-1855\">\r\n\r\n\t\t                       \t\t\t<article class=\"post-1855 video type-video status-publish format-standard has-post-thumbnail hentry categories-interviews categories-les-artistes-denoncent categories-temoignages video_tag-adelaide-bon video_tag-france-tv video_tag-la-petite-fille-sur-la-banquise video_tag-livre video_tag-temoignage\">\r\n\r\n\t\t\t                                <div class=\"item-img\">\r\n\t\t\t                                \t<img loading=\"lazy\" decoding=\"async\" width=\"295\" height=\"166\" src=\"https:\/\/wantedpedo-officiel.com\/mur_video\/wp-content\/uploads\/2018\/03\/7c7b8d1c14d64a3da0fa01795b015f9c.jpg\" class=\"img-responsive wp-post-image\" alt=\"\" \/>\t\t\t\t\t\t\t\t\t\t\t\t<a href=\"https:\/\/wantedpedo-officiel.com\/mur_video\/video\/un-livre-toutes-petites-filles-coincees-banquise-francetv\/\"><div class=\"img-hover\"><\/div><\/a>\r\n\t\t\t\t\t\t\t\t\t\t\t<\/div>\r\n\r\n\t\t\t\t\t\t\t\t\t\t\t<div class=\"post-header\">\r\n\t\t                                        <h3 class=\"post-title\"><a href=\"https:\/\/wantedpedo-officiel.com\/mur_video\/video\/un-livre-toutes-petites-filles-coincees-banquise-francetv\/\">Un livre &#8220;pour toutes les petites filles coinc\u00e9es sur la banquise&#8221; | FranceTV<\/a><\/h3>\t\t\t\t\t\t\t\t\t\t\t\t\r\n\t\t\t<div class=\"meta\"><span class=\"date\">8 ans ago<\/span><span class=\"views\"><i class=\"fa fa-eye\"><\/i>4,125<\/span><span class=\"heart\"><i class=\"fa fa-thumbs-up\"><\/i>6<\/span>\r\n\t\t\t\t\t<span class=\"fcomments\"><i class=\"fa fa-comments\"><\/i>0<\/span>\r\n\t\t\t\t\r\n\t\t\t<\/div>\r\n\t\t\t\t\t\t\t\t\t\t\t\t\t<\/div>\r\n\t\t\t\t\t\t\t\t\t\t<\/article>\t\r\n                                     <\/div> \r\n\t\t\t                    \t\t                       \t\t\r\n\t\t                       \t\t<div id=\"video-main-mars-mainvideo-widgets-REPLACE_TO_ID-1844\" class=\"col-xl-3 col-lg-3 col-md-6 col-12 item responsive-height video-1844\">\r\n\r\n\t\t                       \t\t\t<article class=\"post-1844 video type-video status-publish format-standard has-post-thumbnail hentry categories-interviews categories-wanted-pedo-repond video_tag-censure video_tag-entretien video_tag-exister-en-liberte video_tag-facebook video_tag-maxime-montaut video_tag-wanted-pedo\">\r\n\r\n\t\t\t                                <div class=\"item-img\">\r\n\t\t\t                                \t<img loading=\"lazy\" decoding=\"async\" width=\"295\" height=\"156\" src=\"https:\/\/wantedpedo-officiel.com\/mur_video\/wp-content\/uploads\/2018\/03\/max-et-corine.jpg\" class=\"img-responsive wp-post-image\" alt=\"\" \/>\t\t\t\t\t\t\t\t\t\t\t\t<a href=\"https:\/\/wantedpedo-officiel.com\/mur_video\/video\/max-explique-wanted-pedo-na-plus-de-page-facebook-entretien-etre-liberte\/\"><div class=\"img-hover\"><\/div><\/a>\r\n\t\t\t\t\t\t\t\t\t\t\t<\/div>\r\n\r\n\t\t\t\t\t\t\t\t\t\t\t<div class=\"post-header\">\r\n\t\t                                        <h3 class=\"post-title\"><a href=\"https:\/\/wantedpedo-officiel.com\/mur_video\/video\/max-explique-wanted-pedo-na-plus-de-page-facebook-entretien-etre-liberte\/\">Max explique pourquoi Wanted Pedo n&#8217;a plus de page Facebook : Entretien avec \u00catre en Libert\u00e9<\/a><\/h3>\t\t\t\t\t\t\t\t\t\t\t\t\r\n\t\t\t<div class=\"meta\"><span class=\"date\">8 ans ago<\/span><span class=\"views\"><i class=\"fa fa-eye\"><\/i>8,983<\/span><span class=\"heart\"><i class=\"fa fa-thumbs-up\"><\/i>61<\/span>\r\n\t\t\t\t\t<span class=\"fcomments\"><i class=\"fa fa-comments\"><\/i>3<\/span>\r\n\t\t\t\t\r\n\t\t\t<\/div>\r\n\t\t\t\t\t\t\t\t\t\t\t\t\t<\/div>\r\n\t\t\t\t\t\t\t\t\t\t<\/article>\t\r\n                                     <\/div> \r\n\t\t\t                    <\/div><\/div>\r\n\t                \t<\/div>\r\n                                    <\/div><!-- \/#carousel-->\r\n\t\t\t\t<\/div>\n\t\t\t\t<\/div>\n\t\t\t\t<div class=\"elementor-element elementor-element-2df838fd elementor-widget elementor-widget-spacer\" data-id=\"2df838fd\" data-element_type=\"widget\" data-widget_type=\"spacer.default\">\n\t\t\t\t<div class=\"elementor-widget-container\">\n\t\t\t\t\t<div class=\"elementor-spacer\">\n\t\t\t<div class=\"elementor-spacer-inner\"><\/div>\n\t\t<\/div>\n\t\t\t\t<\/div>\n\t\t\t\t<\/div>\n\t\t\t\t\t<\/div>\n\t\t<\/div>\n\t\t\t\t\t\t\t<\/div>\n\t\t<\/section>\n\t\t\t\t\t\t\t<\/div>\n\t\t","protected":false},"excerpt":{"rendered":"<p>Les Interviews<\/p>\n","protected":false},"author":1,"featured_media":0,"parent":0,"menu_order":0,"comment_status":"closed","ping_status":"closed","template":"elementor_header_footer","meta":{"_monsterinsights_skip_tracking":false,"_monsterinsights_sitenote_active":false,"_monsterinsights_sitenote_note":"","_monsterinsights_sitenote_category":0,"footnotes":""},"yst_prominent_words":[],"acf":[],"_links":{"self":[{"href":"https:\/\/wantedpedo-officiel.com\/mur_video\/wp-json\/wp\/v2\/pages\/1041041"}],"collection":[{"href":"https:\/\/wantedpedo-officiel.com\/mur_video\/wp-json\/wp\/v2\/pages"}],"about":[{"href":"https:\/\/wantedpedo-officiel.com\/mur_video\/wp-json\/wp\/v2\/types\/page"}],"author":[{"embeddable":true,"href":"https:\/\/wantedpedo-officiel.com\/mur_video\/wp-json\/wp\/v2\/users\/1"}],"replies":[{"embeddable":true,"href":"https:\/\/wantedpedo-officiel.com\/mur_video\/wp-json\/wp\/v2\/comments?post=1041041"}],"version-history":[{"count":0,"href":"https:\/\/wantedpedo-officiel.com\/mur_video\/wp-json\/wp\/v2\/pages\/1041041\/revisions"}],"wp:attachment":[{"href":"https:\/\/wantedpedo-officiel.com\/mur_video\/wp-json\/wp\/v2\/media?parent=1041041"}],"wp:term":[{"taxonomy":"yst_prominent_words","embeddable":true,"href":"https:\/\/wantedpedo-officiel.com\/mur_video\/wp-json\/wp\/v2\/yst_prominent_words?post=1041041"}],"curies":[{"name":"wp","href":"https:\/\/api.w.org\/{rel}","templated":true}]}}